{"id":4291,"date":"2026-03-09T11:35:21","date_gmt":"2026-03-09T11:35:21","guid":{"rendered":"https:\/\/www.semen-l.org\/?post_type=tribe_events&#038;p=4291"},"modified":"2026-04-19T11:36:35","modified_gmt":"2026-04-19T11:36:35","slug":"medicus-invitus-moliere","status":"publish","type":"tribe_events","link":"https:\/\/www.semen-l.org\/?tribe_events=medicus-invitus-moliere","title":{"rendered":"Medicus Invitus, Moli\u00e8re"},"content":{"rendered":"<p>Suit une information donn\u00e9e par S\u00e9verine Cl\u00e9ment-Tarantino :<\/p>\n<p>Ch\u00e8res et chers coll\u00e8gues,<br \/>\nje me permets d\u2019attirer votre attention sur un des spectacles en latin<br \/>\nqui sera donn\u00e9 dans le cadre du festival 2026 des Dionysies<br \/>\n(<span id=\"OBJ_PREFIX_DWT102_com_zimbra_url\" class=\"Object\"><span id=\"OBJ_PREFIX_DWT103_com_zimbra_url\" class=\"Object\"><a href=\"https:\/\/dionysies.sorbonne-universite.fr\/?page_id=22\" target=\"_blank\" rel=\"noopener\">https:\/\/dionysies.sorbonne-universite.fr\/?page_id=22<\/a><\/span><\/span>) et auquel j&rsquo;ai<br \/>\nla chance de participer.<a href=\"https:\/\/dionysies.sorbonne-universite.fr\/?page_id=22\"><img fetchpriority=\"high\" decoding=\"async\" class=\"alignright size-medium wp-image-4289\" src=\"http:\/\/www.semen-l.org\/wp-content\/uploads\/2026\/04\/Medicus_afficheHD-210x300.png\" alt=\"\" width=\"210\" height=\"300\" srcset=\"https:\/\/www.semen-l.org\/wp-content\/uploads\/2026\/04\/Medicus_afficheHD-210x300.png 210w, https:\/\/www.semen-l.org\/wp-content\/uploads\/2026\/04\/Medicus_afficheHD-715x1024.png 715w, https:\/\/www.semen-l.org\/wp-content\/uploads\/2026\/04\/Medicus_afficheHD-768x1100.png 768w, https:\/\/www.semen-l.org\/wp-content\/uploads\/2026\/04\/Medicus_afficheHD-1073x1536.png 1073w, https:\/\/www.semen-l.org\/wp-content\/uploads\/2026\/04\/Medicus_afficheHD-1431x2048.png 1431w, https:\/\/www.semen-l.org\/wp-content\/uploads\/2026\/04\/Medicus_afficheHD-140x200.png 140w, https:\/\/www.semen-l.org\/wp-content\/uploads\/2026\/04\/Medicus_afficheHD.png 1668w\" sizes=\"(max-width: 210px) 100vw, 210px\" \/><\/a><br \/>\nSur la sc\u00e8ne du Lyc\u00e9e Louis le Grand \u00e0 19h le 21 mars, sera cr\u00e9\u00e9<br \/>\n<em>Medicus invitus<\/em>, autrement dit <em>le M\u00e9decin malgr\u00e9 lui<\/em> de Moli\u00e8re, ici<br \/>\ntraduit en latin par Laurent d\u2019Aumale (d\u00e9j\u00e0 auteur des <em>Fabulae<\/em><br \/>\n<em>Gallicae<\/em>). La troupe de com\u00e9dien-ne-s, dirig\u00e9e par le m\u00eame Laurent<br \/>\nd\u2019Aumale, s\u2019appelle \u201cComoedia Nova\u201d. Le but de la troupe et de<br \/>\nl&rsquo;association du m\u00eame nom est de favoriser la cr\u00e9ation de tels<br \/>\nspectacles, qui mettent le latin \u00e0 l\u2019honneur en tant que langue encore<br \/>\nen usage et toujours apte \u00e0 transmettre des \u0153uvres pass\u00e9es, y compris<br \/>\nde la litt\u00e9rature originellement \u00e9crite en langue fran\u00e7aise.<br \/>\nDes sous-titres (en fran\u00e7ais!) seront affich\u00e9s pendant le spectacle,<br \/>\nqui dure environ 1h15. Nous esp\u00e9rons, si vous venez, qu\u2019il vous<br \/>\ndivertira beaucoup. Sganarelle est infatigable!<br \/>\nLes r\u00e9servations sont d\u00e9sormais possibles sur ce site:<br \/>\n<span id=\"OBJ_PREFIX_DWT104_com_zimbra_url\" class=\"Object\"><a href=\"https:\/\/comoedia-nova.short.gy\/medicus\" target=\"_blank\" rel=\"noopener\">https:\/\/comoedia-nova.short.gy\/medicus<\/a><\/span><br \/>\nEt voici le lien vers la courte vid\u00e9o promotionnelle:<br \/>\n<span id=\"OBJ_PREFIX_DWT105_com_zimbra_url\" class=\"Object\"><a href=\"https:\/\/youtu.be\/K3T27Lz-CZo?si=FOGN2PH8eonzot2S\" target=\"_blank\" rel=\"noopener\">https:\/\/youtu.be\/K3T27Lz-CZo?si=FOGN2PH8eonzot2S<\/a><\/span><br \/>\nN\u2019h\u00e9sitez pas \u00e0 en parler autour de vous, d\u2019autant que metteur en<br \/>\nsc\u00e8ne et com\u00e9dien-ne-s seraient ravi-e-s de pr\u00e9senter ce spectacle en<br \/>\nd\u2019autres occasions.<br \/>\nJe vous remercie pour votre attention.<br \/>\nTr\u00e8s cordialement,<br \/>\nS\u00e9verine Cl\u00e9ment-Tarantino (in fabula Jacomina!)<\/p>\n<p>\u00ab\u00a0MEDICUS INVITUS &#8211; LE M\u00c9DECIN MALGR\u00c9 LUI<br \/>\n<span id=\"OBJ_PREFIX_DWT106_com_zimbra_date\" class=\"Object\">Samedi<\/span>\u00a021 mars \u00e0 19h00 au Lyc\u00e9e Louis-le-Grand<br \/>\nFestival des Dionysies &#8211; Sorbonne Universit\u00e9<br \/>\nVenez voir Moli\u00e8re jou\u00e9 en latin, sous-titr\u00e9\u2026 en fran\u00e7ais ! Les<br \/>\nclowneries de Sganarelle, b\u00fbcheron coureur de jupons, buveur et<br \/>\nmythomane, s\u2019adressent \u00e0 tout le monde : \u00e9coliers, \u00e9tudiants, bons et<br \/>\nmoins bons latinistes, amoureux de Moli\u00e8re&#8230;\u00a0\u00bb<br \/>\nAvec : Maxime Michel, Marie Rondeau, L\u00e9o Demeaux, David Bonneau,<br \/>\nArthur \u00c9douard, Laurent d\u2019Aumale, S\u00e9verine Tarantino, Irene-Sofia<br \/>\nMauro, Cyprien Lemoigne, Jeremy Grant, Timoth\u00e9e Masurel<br \/>\nTexte latin : Laurent d\u2019Aumale<br \/>\nCostumes : Ludivine Lignon et Cl\u00e9o Pringigallo<br \/>\nR\u00e9gie : Bruno Oliveira\u00a0\u00bb<\/p>\n","protected":false},"excerpt":{"rendered":"<p>Suit une information donn\u00e9e par S\u00e9verine Cl\u00e9ment-Tarantino : Ch\u00e8res et chers coll\u00e8gues, je me permets d\u2019attirer votre attention sur un des spectacles en latin qui sera donn\u00e9 dans le cadre du festival 2026 des Dionysies (https:\/\/dionysies.sorbonne-universite.fr\/?page_id=22) et auquel j&rsquo;ai la &hellip; <a href=\"https:\/\/www.semen-l.org\/?tribe_events=medicus-invitus-moliere\">Continuer la lecture <span class=\"meta-nav\">&rarr;<\/span><\/a><\/p>\n","protected":false},"author":26,"featured_media":0,"template":"","meta":{"_tribe_events_status":"","_tribe_events_status_reason":"","footnotes":""},"tags":[],"tribe_events_cat":[2686],"class_list":["post-4291","tribe_events","type-tribe_events","status-publish","hentry","tribe_events_cat-piece-de-theatre","cat_piece-de-theatre"],"yoast_head":"<!-- This site is optimized with the Yoast SEO plugin v27.5 - https:\/\/yoast.com\/product\/yoast-seo-wordpress\/ -->\n<title>Medicus Invitus, Moli\u00e8re - Soci\u00e9t\u00e9 d&#039;\u00c9tudes M\u00e9dio Et N\u00e9o-Latines<\/title>\n<meta name=\"robots\" content=\"index, follow, max-snippet:-1, max-image-preview:large, max-video-preview:-1\" \/>\n<link rel=\"canonical\" href=\"https:\/\/www.semen-l.org\/?tribe_events=medicus-invitus-moliere\" \/>\n<meta property=\"og:locale\" content=\"fr_FR\" \/>\n<meta property=\"og:type\" content=\"article\" \/>\n<meta property=\"og:title\" content=\"Medicus Invitus, Moli\u00e8re - Soci\u00e9t\u00e9 d&#039;\u00c9tudes M\u00e9dio Et N\u00e9o-Latines\" \/>\n<meta property=\"og:description\" content=\"Suit une information donn\u00e9e par S\u00e9verine Cl\u00e9ment-Tarantino : Ch\u00e8res et chers coll\u00e8gues, je me permets d\u2019attirer votre attention sur un des spectacles en latin qui sera donn\u00e9 dans le cadre du festival 2026 des Dionysies (https:\/\/dionysies.sorbonne-universite.fr\/?page_id=22) et auquel j&rsquo;ai la &hellip; Continuer la lecture &rarr;\" \/>\n<meta property=\"og:url\" content=\"https:\/\/www.semen-l.org\/?tribe_events=medicus-invitus-moliere\" \/>\n<meta property=\"og:site_name\" content=\"Soci\u00e9t\u00e9 d&#039;\u00c9tudes M\u00e9dio Et N\u00e9o-Latines\" \/>\n<meta property=\"article:publisher\" content=\"https:\/\/www.facebook.com\/SEMENL2018\" \/>\n<meta property=\"article:modified_time\" content=\"2026-04-19T11:36:35+00:00\" \/>\n<meta property=\"og:image\" content=\"http:\/\/www.semen-l.org\/wp-content\/uploads\/2026\/04\/Medicus_afficheHD-210x300.png\" \/>\n<meta name=\"twitter:card\" content=\"summary_large_image\" \/>\n<meta name=\"twitter:label1\" content=\"Dur\u00e9e de lecture estim\u00e9e\" \/>\n\t<meta name=\"twitter:data1\" content=\"2 minutes\" \/>\n<script type=\"application\/ld+json\" class=\"yoast-schema-graph\">{\"@context\":\"https:\\\/\\\/schema.org\",\"@graph\":[{\"@type\":\"WebPage\",\"@id\":\"https:\\\/\\\/www.semen-l.org\\\/?tribe_events=medicus-invitus-moliere\",\"url\":\"https:\\\/\\\/www.semen-l.org\\\/?tribe_events=medicus-invitus-moliere\",\"name\":\"Medicus Invitus, Moli\u00e8re - Soci\u00e9t\u00e9 d&#039;\u00c9tudes M\u00e9dio Et N\u00e9o-Latines\",\"isPartOf\":{\"@id\":\"http:\\\/\\\/www.semen-l.org\\\/#website\"},\"primaryImageOfPage\":{\"@id\":\"https:\\\/\\\/www.semen-l.org\\\/?tribe_events=medicus-invitus-moliere#primaryimage\"},\"image\":{\"@id\":\"https:\\\/\\\/www.semen-l.org\\\/?tribe_events=medicus-invitus-moliere#primaryimage\"},\"thumbnailUrl\":\"http:\\\/\\\/www.semen-l.org\\\/wp-content\\\/uploads\\\/2026\\\/04\\\/Medicus_afficheHD-210x300.png\",\"datePublished\":\"2026-03-09T11:35:21+00:00\",\"dateModified\":\"2026-04-19T11:36:35+00:00\",\"breadcrumb\":{\"@id\":\"https:\\\/\\\/www.semen-l.org\\\/?tribe_events=medicus-invitus-moliere#breadcrumb\"},\"inLanguage\":\"fr-FR\",\"potentialAction\":[{\"@type\":\"ReadAction\",\"target\":[\"https:\\\/\\\/www.semen-l.org\\\/?tribe_events=medicus-invitus-moliere\"]}]},{\"@type\":\"ImageObject\",\"inLanguage\":\"fr-FR\",\"@id\":\"https:\\\/\\\/www.semen-l.org\\\/?tribe_events=medicus-invitus-moliere#primaryimage\",\"url\":\"https:\\\/\\\/www.semen-l.org\\\/wp-content\\\/uploads\\\/2026\\\/04\\\/Medicus_afficheHD.png\",\"contentUrl\":\"https:\\\/\\\/www.semen-l.org\\\/wp-content\\\/uploads\\\/2026\\\/04\\\/Medicus_afficheHD.png\",\"width\":1668,\"height\":2388},{\"@type\":\"BreadcrumbList\",\"@id\":\"https:\\\/\\\/www.semen-l.org\\\/?tribe_events=medicus-invitus-moliere#breadcrumb\",\"itemListElement\":[{\"@type\":\"ListItem\",\"position\":1,\"name\":\"Accueil\",\"item\":\"http:\\\/\\\/www.semen-l.org\\\/\"},{\"@type\":\"ListItem\",\"position\":2,\"name\":\"\u00c9v\u00e8nements\",\"item\":\"http:\\\/\\\/www.semen-l.org\\\/?post_type=tribe_events\"},{\"@type\":\"ListItem\",\"position\":3,\"name\":\"Medicus Invitus, Moli\u00e8re\"}]},{\"@type\":\"WebSite\",\"@id\":\"http:\\\/\\\/www.semen-l.org\\\/#website\",\"url\":\"http:\\\/\\\/www.semen-l.org\\\/\",\"name\":\"Soci\u00e9t\u00e9 d'\u00c9tudes M\u00e9dio Et N\u00e9o-Latines\",\"description\":\"\",\"publisher\":{\"@id\":\"http:\\\/\\\/www.semen-l.org\\\/#organization\"},\"potentialAction\":[{\"@type\":\"SearchAction\",\"target\":{\"@type\":\"EntryPoint\",\"urlTemplate\":\"http:\\\/\\\/www.semen-l.org\\\/?s={search_term_string}\"},\"query-input\":{\"@type\":\"PropertyValueSpecification\",\"valueRequired\":true,\"valueName\":\"search_term_string\"}}],\"inLanguage\":\"fr-FR\"},{\"@type\":\"Organization\",\"@id\":\"http:\\\/\\\/www.semen-l.org\\\/#organization\",\"name\":\"Soci\u00e9t\u00e9 d'\u00e9tudes m\u00e9dio et n\u00e9o-latines\",\"url\":\"http:\\\/\\\/www.semen-l.org\\\/\",\"logo\":{\"@type\":\"ImageObject\",\"inLanguage\":\"fr-FR\",\"@id\":\"http:\\\/\\\/www.semen-l.org\\\/#\\\/schema\\\/logo\\\/image\\\/\",\"url\":\"http:\\\/\\\/www.semen-l.org\\\/wp-content\\\/uploads\\\/2020\\\/11\\\/logo-semenl.jpg\",\"contentUrl\":\"http:\\\/\\\/www.semen-l.org\\\/wp-content\\\/uploads\\\/2020\\\/11\\\/logo-semenl.jpg\",\"width\":408,\"height\":403,\"caption\":\"Soci\u00e9t\u00e9 d'\u00e9tudes m\u00e9dio et n\u00e9o-latines\"},\"image\":{\"@id\":\"http:\\\/\\\/www.semen-l.org\\\/#\\\/schema\\\/logo\\\/image\\\/\"},\"sameAs\":[\"https:\\\/\\\/www.facebook.com\\\/SEMENL2018\",\"https:\\\/\\\/independent.academia.edu\\\/SocitsdtudesmdioetnolatinesSEMENL\"]}]}<\/script>\n<!-- \/ Yoast SEO plugin. -->","yoast_head_json":{"title":"Medicus Invitus, Moli\u00e8re - Soci\u00e9t\u00e9 d&#039;\u00c9tudes M\u00e9dio Et N\u00e9o-Latines","robots":{"index":"index","follow":"follow","max-snippet":"max-snippet:-1","max-image-preview":"max-image-preview:large","max-video-preview":"max-video-preview:-1"},"canonical":"https:\/\/www.semen-l.org\/?tribe_events=medicus-invitus-moliere","og_locale":"fr_FR","og_type":"article","og_title":"Medicus Invitus, Moli\u00e8re - Soci\u00e9t\u00e9 d&#039;\u00c9tudes M\u00e9dio Et N\u00e9o-Latines","og_description":"Suit une information donn\u00e9e par S\u00e9verine Cl\u00e9ment-Tarantino : Ch\u00e8res et chers coll\u00e8gues, je me permets d\u2019attirer votre attention sur un des spectacles en latin qui sera donn\u00e9 dans le cadre du festival 2026 des Dionysies (https:\/\/dionysies.sorbonne-universite.fr\/?page_id=22) et auquel j&rsquo;ai la &hellip; Continuer la lecture &rarr;","og_url":"https:\/\/www.semen-l.org\/?tribe_events=medicus-invitus-moliere","og_site_name":"Soci\u00e9t\u00e9 d&#039;\u00c9tudes M\u00e9dio Et N\u00e9o-Latines","article_publisher":"https:\/\/www.facebook.com\/SEMENL2018","article_modified_time":"2026-04-19T11:36:35+00:00","og_image":[{"url":"http:\/\/www.semen-l.org\/wp-content\/uploads\/2026\/04\/Medicus_afficheHD-210x300.png","type":"","width":"","height":""}],"twitter_card":"summary_large_image","twitter_misc":{"Dur\u00e9e de lecture estim\u00e9e":"2 minutes"},"schema":{"@context":"https:\/\/schema.org","@graph":[{"@type":"WebPage","@id":"https:\/\/www.semen-l.org\/?tribe_events=medicus-invitus-moliere","url":"https:\/\/www.semen-l.org\/?tribe_events=medicus-invitus-moliere","name":"Medicus Invitus, Moli\u00e8re - Soci\u00e9t\u00e9 d&#039;\u00c9tudes M\u00e9dio Et N\u00e9o-Latines","isPartOf":{"@id":"http:\/\/www.semen-l.org\/#website"},"primaryImageOfPage":{"@id":"https:\/\/www.semen-l.org\/?tribe_events=medicus-invitus-moliere#primaryimage"},"image":{"@id":"https:\/\/www.semen-l.org\/?tribe_events=medicus-invitus-moliere#primaryimage"},"thumbnailUrl":"http:\/\/www.semen-l.org\/wp-content\/uploads\/2026\/04\/Medicus_afficheHD-210x300.png","datePublished":"2026-03-09T11:35:21+00:00","dateModified":"2026-04-19T11:36:35+00:00","breadcrumb":{"@id":"https:\/\/www.semen-l.org\/?tribe_events=medicus-invitus-moliere#breadcrumb"},"inLanguage":"fr-FR","potentialAction":[{"@type":"ReadAction","target":["https:\/\/www.semen-l.org\/?tribe_events=medicus-invitus-moliere"]}]},{"@type":"ImageObject","inLanguage":"fr-FR","@id":"https:\/\/www.semen-l.org\/?tribe_events=medicus-invitus-moliere#primaryimage","url":"https:\/\/www.semen-l.org\/wp-content\/uploads\/2026\/04\/Medicus_afficheHD.png","contentUrl":"https:\/\/www.semen-l.org\/wp-content\/uploads\/2026\/04\/Medicus_afficheHD.png","width":1668,"height":2388},{"@type":"BreadcrumbList","@id":"https:\/\/www.semen-l.org\/?tribe_events=medicus-invitus-moliere#breadcrumb","itemListElement":[{"@type":"ListItem","position":1,"name":"Accueil","item":"http:\/\/www.semen-l.org\/"},{"@type":"ListItem","position":2,"name":"\u00c9v\u00e8nements","item":"http:\/\/www.semen-l.org\/?post_type=tribe_events"},{"@type":"ListItem","position":3,"name":"Medicus Invitus, Moli\u00e8re"}]},{"@type":"WebSite","@id":"http:\/\/www.semen-l.org\/#website","url":"http:\/\/www.semen-l.org\/","name":"Soci\u00e9t\u00e9 d'\u00c9tudes M\u00e9dio Et N\u00e9o-Latines","description":"","publisher":{"@id":"http:\/\/www.semen-l.org\/#organization"},"potentialAction":[{"@type":"SearchAction","target":{"@type":"EntryPoint","urlTemplate":"http:\/\/www.semen-l.org\/?s={search_term_string}"},"query-input":{"@type":"PropertyValueSpecification","valueRequired":true,"valueName":"search_term_string"}}],"inLanguage":"fr-FR"},{"@type":"Organization","@id":"http:\/\/www.semen-l.org\/#organization","name":"Soci\u00e9t\u00e9 d'\u00e9tudes m\u00e9dio et n\u00e9o-latines","url":"http:\/\/www.semen-l.org\/","logo":{"@type":"ImageObject","inLanguage":"fr-FR","@id":"http:\/\/www.semen-l.org\/#\/schema\/logo\/image\/","url":"http:\/\/www.semen-l.org\/wp-content\/uploads\/2020\/11\/logo-semenl.jpg","contentUrl":"http:\/\/www.semen-l.org\/wp-content\/uploads\/2020\/11\/logo-semenl.jpg","width":408,"height":403,"caption":"Soci\u00e9t\u00e9 d'\u00e9tudes m\u00e9dio et n\u00e9o-latines"},"image":{"@id":"http:\/\/www.semen-l.org\/#\/schema\/logo\/image\/"},"sameAs":["https:\/\/www.facebook.com\/SEMENL2018","https:\/\/independent.academia.edu\/SocitsdtudesmdioetnolatinesSEMENL"]}]}},"_links":{"self":[{"href":"https:\/\/www.semen-l.org\/index.php?rest_route=\/wp\/v2\/tribe_events\/4291","targetHints":{"allow":["GET"]}}],"collection":[{"href":"https:\/\/www.semen-l.org\/index.php?rest_route=\/wp\/v2\/tribe_events"}],"about":[{"href":"https:\/\/www.semen-l.org\/index.php?rest_route=\/wp\/v2\/types\/tribe_events"}],"author":[{"embeddable":true,"href":"https:\/\/www.semen-l.org\/index.php?rest_route=\/wp\/v2\/users\/26"}],"version-history":[{"count":0,"href":"https:\/\/www.semen-l.org\/index.php?rest_route=\/wp\/v2\/tribe_events\/4291\/revisions"}],"wp:attachment":[{"href":"https:\/\/www.semen-l.org\/index.php?rest_route=%2Fwp%2Fv2%2Fmedia&parent=4291"}],"wp:term":[{"taxonomy":"post_tag","embeddable":true,"href":"https:\/\/www.semen-l.org\/index.php?rest_route=%2Fwp%2Fv2%2Ftags&post=4291"},{"taxonomy":"tribe_events_cat","embeddable":true,"href":"https:\/\/www.semen-l.org\/index.php?rest_route=%2Fwp%2Fv2%2Ftribe_events_cat&post=4291"}],"curies":[{"name":"wp","href":"https:\/\/api.w.org\/{rel}","templated":true}]}}