{"id":4274,"date":"2026-03-05T09:31:28","date_gmt":"2026-03-05T09:31:28","guid":{"rendered":"https:\/\/www.semen-l.org\/?post_type=tribe_events&#038;p=4274"},"modified":"2026-03-05T09:31:28","modified_gmt":"2026-03-05T09:31:28","slug":"septieme-seance-du-seminaire-receptions-de-lantiquite-a-nantes","status":"publish","type":"tribe_events","link":"https:\/\/www.semen-l.org\/?tribe_events=septieme-seance-du-seminaire-receptions-de-lantiquite-a-nantes","title":{"rendered":"Septi\u00e8me s\u00e9ance du S\u00e9minaire R\u00e9ceptions de l&rsquo;Antiquit\u00e9 \u00e0 Nantes"},"content":{"rendered":"<a href=\"https:\/\/www.semen-l.org\/wp-content\/uploads\/2026\/03\/Receptions-de-lAntiquite-seance7-13-mars-1.pdf\" class=\"pdfemb-viewer\" style=\"\" data-width=\"max\" data-height=\"max\" data-toolbar=\"both\" data-toolbar-fixed=\"off\">R\u00e9ceptions de l\u2019Antiquit\u00e9, s\u00e9ance7, 13 mars (1)<\/a>\n<p>Chers\u00a0coll\u00e8gues,<\/p>\n<p>Nous avons le plaisir de vous annoncer la septi\u00e8me s\u00e9ance du S\u00e9minaire<br \/>\nR\u00e9ceptions de l&rsquo;Antiquit\u00e9 qui aura lieu, \u00e0 l&rsquo;Universit\u00e9 de Nantes, le<br \/>\n<span id=\"OBJ_PREFIX_DWT99_com_zimbra_date\" class=\"Object\">vendredi<\/span>\u00a013 mars (14h-17h).<br \/>\nLa s\u00e9ance se d\u00e9roulera en hybride\u00a0: les intervenants seront en<br \/>\ndistanciels mais nous serons pr\u00e9sentes \u00e0 l\u2019Universit\u00e9 avec les \u00e9tudiants<br \/>\ndans la salle C248 du b\u00e2timent Censive.<\/p>\n<p>Nous \u00e9couterons deux pr\u00e9sentations\u00a0:<\/p>\n<p>Brigitte Gauvin (U. de Caen &#8211; Craham, UMR 6273)\u00a0: \u00ab\u00a0Comment bien<br \/>\ntransmettre ce qu\u2019on ne conna\u00eet pas ? L\u2019exemple de l\u2019ichtyologie dans<br \/>\nles encyclop\u00e9dies m\u00e9di\u00e9vales\u00a0\u00bb (14h-15h25)<\/p>\n<p>Aude Skalli (CNRS &#8211; Aix Marseille U. \u2013 TDMAM)\u00a0: \u00ab\u00a0Le palimpseste de<br \/>\nStrabon et ses red\u00e9couvertes, de Byzance \u00e0 nos jours\u00a0\u00bb (15h35-17h)<\/p>\n<p>Vous\u00a0\u00eates\u00a0chaleureusement convi\u00e9s\u00a0\u00e0\u00a0cette\u00a0s\u00e9ance.<\/p>\n<p>Pour information\u00a0: la huiti\u00e8me s\u00e9ance (Fr\u00e9d\u00e9rique Woerther, sur la<br \/>\nPo\u00e9tique d\u2019Aristote) est annul\u00e9e.<\/p>\n<p>Lien zoom (actif pour toutes les s\u00e9ances de l&rsquo;ann\u00e9e) :<br \/>\n<span id=\"OBJ_PREFIX_DWT100_com_zimbra_url\" class=\"Object\"><a id=\"OWA21f7b290-03c6-fe52-93d2-31e55efa8c34\" class=\"OWAAutoLink\" href=\"https:\/\/univ-nantes-fr.zoom.us\/j\/89541352336\" target=\"_blank\" rel=\"noopener\">https:\/\/univ-nantes-fr.zoom.us\/j\/89541352336<\/a><\/span><br \/>\nLe programme de l&rsquo;ann\u00e9e est accessible ici\u00a0:<br \/>\n<span id=\"OBJ_PREFIX_DWT101_com_zimbra_url\" class=\"Object\"><a id=\"OWA42d747d7-2d71-a917-6f09-5adb9f144808\" class=\"OWAAutoLink\" href=\"https:\/\/classnantes.hypotheses.org\/12474\" target=\"_blank\" rel=\"noopener\">https:\/\/classnantes.hypotheses.org\/12474<\/a><\/span><\/p>\n<p>En\u00a0esp\u00e9rant\u00a0vous\u00a0retrouver\u00a0nombreux\u00a0\u00e0\u00a0cet\u00a0\u00e9v\u00e9nement,<\/p>\n<p>Amiti\u00e9s,<\/p>\n<p>Anne\u00a0Morvan et\u00a0D\u00e9borah Boijoux<\/p>\n","protected":false},"excerpt":{"rendered":"<p>Chers\u00a0coll\u00e8gues, Nous avons le plaisir de vous annoncer la septi\u00e8me s\u00e9ance du S\u00e9minaire R\u00e9ceptions de l&rsquo;Antiquit\u00e9 qui aura lieu, \u00e0 l&rsquo;Universit\u00e9 de Nantes, le vendredi\u00a013 mars (14h-17h). La s\u00e9ance se d\u00e9roulera en hybride\u00a0: les intervenants seront en distanciels mais nous &hellip; <a href=\"https:\/\/www.semen-l.org\/?tribe_events=septieme-seance-du-seminaire-receptions-de-lantiquite-a-nantes\">Continuer la lecture <span class=\"meta-nav\">&rarr;<\/span><\/a><\/p>\n","protected":false},"author":26,"featured_media":0,"template":"","meta":{"_tribe_events_status":"","_tribe_events_status_reason":"","footnotes":""},"tags":[],"tribe_events_cat":[1675],"class_list":["post-4274","tribe_events","type-tribe_events","status-publish","hentry","tribe_events_cat-seminaire","cat_seminaire"],"yoast_head":"<!-- This site is optimized with the Yoast SEO plugin v27.5 - https:\/\/yoast.com\/product\/yoast-seo-wordpress\/ -->\n<title>Septi\u00e8me s\u00e9ance du S\u00e9minaire R\u00e9ceptions de l&#039;Antiquit\u00e9 \u00e0 Nantes - Soci\u00e9t\u00e9 d&#039;\u00c9tudes M\u00e9dio Et N\u00e9o-Latines<\/title>\n<meta name=\"robots\" content=\"index, follow, max-snippet:-1, max-image-preview:large, max-video-preview:-1\" \/>\n<link rel=\"canonical\" href=\"http:\/\/www.semen-l.org\/?tribe_events=septieme-seance-du-seminaire-receptions-de-lantiquite-a-nantes\" \/>\n<meta property=\"og:locale\" content=\"fr_FR\" \/>\n<meta property=\"og:type\" content=\"article\" \/>\n<meta property=\"og:title\" content=\"Septi\u00e8me s\u00e9ance du S\u00e9minaire R\u00e9ceptions de l&#039;Antiquit\u00e9 \u00e0 Nantes - Soci\u00e9t\u00e9 d&#039;\u00c9tudes M\u00e9dio Et N\u00e9o-Latines\" \/>\n<meta property=\"og:description\" content=\"Chers\u00a0coll\u00e8gues, Nous avons le plaisir de vous annoncer la septi\u00e8me s\u00e9ance du S\u00e9minaire R\u00e9ceptions de l&rsquo;Antiquit\u00e9 qui aura lieu, \u00e0 l&rsquo;Universit\u00e9 de Nantes, le vendredi\u00a013 mars (14h-17h). La s\u00e9ance se d\u00e9roulera en hybride\u00a0: les intervenants seront en distanciels mais nous &hellip; Continuer la lecture &rarr;\" \/>\n<meta property=\"og:url\" content=\"http:\/\/www.semen-l.org\/?tribe_events=septieme-seance-du-seminaire-receptions-de-lantiquite-a-nantes\" \/>\n<meta property=\"og:site_name\" content=\"Soci\u00e9t\u00e9 d&#039;\u00c9tudes M\u00e9dio Et N\u00e9o-Latines\" \/>\n<meta property=\"article:publisher\" content=\"https:\/\/www.facebook.com\/SEMENL2018\" \/>\n<meta name=\"twitter:card\" content=\"summary_large_image\" \/>\n<meta name=\"twitter:label1\" content=\"Dur\u00e9e de lecture estim\u00e9e\" \/>\n\t<meta name=\"twitter:data1\" content=\"1 minute\" \/>\n<script type=\"application\/ld+json\" class=\"yoast-schema-graph\">{\"@context\":\"https:\\\/\\\/schema.org\",\"@graph\":[{\"@type\":\"WebPage\",\"@id\":\"http:\\\/\\\/www.semen-l.org\\\/?tribe_events=septieme-seance-du-seminaire-receptions-de-lantiquite-a-nantes\",\"url\":\"http:\\\/\\\/www.semen-l.org\\\/?tribe_events=septieme-seance-du-seminaire-receptions-de-lantiquite-a-nantes\",\"name\":\"Septi\u00e8me s\u00e9ance du S\u00e9minaire R\u00e9ceptions de l'Antiquit\u00e9 \u00e0 Nantes - Soci\u00e9t\u00e9 d&#039;\u00c9tudes M\u00e9dio Et N\u00e9o-Latines\",\"isPartOf\":{\"@id\":\"http:\\\/\\\/www.semen-l.org\\\/#website\"},\"datePublished\":\"2026-03-05T09:31:28+00:00\",\"breadcrumb\":{\"@id\":\"http:\\\/\\\/www.semen-l.org\\\/?tribe_events=septieme-seance-du-seminaire-receptions-de-lantiquite-a-nantes#breadcrumb\"},\"inLanguage\":\"fr-FR\",\"potentialAction\":[{\"@type\":\"ReadAction\",\"target\":[\"http:\\\/\\\/www.semen-l.org\\\/?tribe_events=septieme-seance-du-seminaire-receptions-de-lantiquite-a-nantes\"]}]},{\"@type\":\"BreadcrumbList\",\"@id\":\"http:\\\/\\\/www.semen-l.org\\\/?tribe_events=septieme-seance-du-seminaire-receptions-de-lantiquite-a-nantes#breadcrumb\",\"itemListElement\":[{\"@type\":\"ListItem\",\"position\":1,\"name\":\"Accueil\",\"item\":\"http:\\\/\\\/www.semen-l.org\\\/\"},{\"@type\":\"ListItem\",\"position\":2,\"name\":\"\u00c9v\u00e8nements\",\"item\":\"http:\\\/\\\/www.semen-l.org\\\/?post_type=tribe_events\"},{\"@type\":\"ListItem\",\"position\":3,\"name\":\"Septi\u00e8me s\u00e9ance du S\u00e9minaire R\u00e9ceptions de l&rsquo;Antiquit\u00e9 \u00e0 Nantes\"}]},{\"@type\":\"WebSite\",\"@id\":\"http:\\\/\\\/www.semen-l.org\\\/#website\",\"url\":\"http:\\\/\\\/www.semen-l.org\\\/\",\"name\":\"Soci\u00e9t\u00e9 d'\u00c9tudes M\u00e9dio Et N\u00e9o-Latines\",\"description\":\"\",\"publisher\":{\"@id\":\"http:\\\/\\\/www.semen-l.org\\\/#organization\"},\"potentialAction\":[{\"@type\":\"SearchAction\",\"target\":{\"@type\":\"EntryPoint\",\"urlTemplate\":\"http:\\\/\\\/www.semen-l.org\\\/?s={search_term_string}\"},\"query-input\":{\"@type\":\"PropertyValueSpecification\",\"valueRequired\":true,\"valueName\":\"search_term_string\"}}],\"inLanguage\":\"fr-FR\"},{\"@type\":\"Organization\",\"@id\":\"http:\\\/\\\/www.semen-l.org\\\/#organization\",\"name\":\"Soci\u00e9t\u00e9 d'\u00e9tudes m\u00e9dio et n\u00e9o-latines\",\"url\":\"http:\\\/\\\/www.semen-l.org\\\/\",\"logo\":{\"@type\":\"ImageObject\",\"inLanguage\":\"fr-FR\",\"@id\":\"http:\\\/\\\/www.semen-l.org\\\/#\\\/schema\\\/logo\\\/image\\\/\",\"url\":\"http:\\\/\\\/www.semen-l.org\\\/wp-content\\\/uploads\\\/2020\\\/11\\\/logo-semenl.jpg\",\"contentUrl\":\"http:\\\/\\\/www.semen-l.org\\\/wp-content\\\/uploads\\\/2020\\\/11\\\/logo-semenl.jpg\",\"width\":408,\"height\":403,\"caption\":\"Soci\u00e9t\u00e9 d'\u00e9tudes m\u00e9dio et n\u00e9o-latines\"},\"image\":{\"@id\":\"http:\\\/\\\/www.semen-l.org\\\/#\\\/schema\\\/logo\\\/image\\\/\"},\"sameAs\":[\"https:\\\/\\\/www.facebook.com\\\/SEMENL2018\",\"https:\\\/\\\/independent.academia.edu\\\/SocitsdtudesmdioetnolatinesSEMENL\"]}]}<\/script>\n<!-- \/ Yoast SEO plugin. -->","yoast_head_json":{"title":"Septi\u00e8me s\u00e9ance du S\u00e9minaire R\u00e9ceptions de l'Antiquit\u00e9 \u00e0 Nantes - Soci\u00e9t\u00e9 d&#039;\u00c9tudes M\u00e9dio Et N\u00e9o-Latines","robots":{"index":"index","follow":"follow","max-snippet":"max-snippet:-1","max-image-preview":"max-image-preview:large","max-video-preview":"max-video-preview:-1"},"canonical":"http:\/\/www.semen-l.org\/?tribe_events=septieme-seance-du-seminaire-receptions-de-lantiquite-a-nantes","og_locale":"fr_FR","og_type":"article","og_title":"Septi\u00e8me s\u00e9ance du S\u00e9minaire R\u00e9ceptions de l'Antiquit\u00e9 \u00e0 Nantes - Soci\u00e9t\u00e9 d&#039;\u00c9tudes M\u00e9dio Et N\u00e9o-Latines","og_description":"Chers\u00a0coll\u00e8gues, Nous avons le plaisir de vous annoncer la septi\u00e8me s\u00e9ance du S\u00e9minaire R\u00e9ceptions de l&rsquo;Antiquit\u00e9 qui aura lieu, \u00e0 l&rsquo;Universit\u00e9 de Nantes, le vendredi\u00a013 mars (14h-17h). La s\u00e9ance se d\u00e9roulera en hybride\u00a0: les intervenants seront en distanciels mais nous &hellip; Continuer la lecture &rarr;","og_url":"http:\/\/www.semen-l.org\/?tribe_events=septieme-seance-du-seminaire-receptions-de-lantiquite-a-nantes","og_site_name":"Soci\u00e9t\u00e9 d&#039;\u00c9tudes M\u00e9dio Et N\u00e9o-Latines","article_publisher":"https:\/\/www.facebook.com\/SEMENL2018","twitter_card":"summary_large_image","twitter_misc":{"Dur\u00e9e de lecture estim\u00e9e":"1 minute"},"schema":{"@context":"https:\/\/schema.org","@graph":[{"@type":"WebPage","@id":"http:\/\/www.semen-l.org\/?tribe_events=septieme-seance-du-seminaire-receptions-de-lantiquite-a-nantes","url":"http:\/\/www.semen-l.org\/?tribe_events=septieme-seance-du-seminaire-receptions-de-lantiquite-a-nantes","name":"Septi\u00e8me s\u00e9ance du S\u00e9minaire R\u00e9ceptions de l'Antiquit\u00e9 \u00e0 Nantes - Soci\u00e9t\u00e9 d&#039;\u00c9tudes M\u00e9dio Et N\u00e9o-Latines","isPartOf":{"@id":"http:\/\/www.semen-l.org\/#website"},"datePublished":"2026-03-05T09:31:28+00:00","breadcrumb":{"@id":"http:\/\/www.semen-l.org\/?tribe_events=septieme-seance-du-seminaire-receptions-de-lantiquite-a-nantes#breadcrumb"},"inLanguage":"fr-FR","potentialAction":[{"@type":"ReadAction","target":["http:\/\/www.semen-l.org\/?tribe_events=septieme-seance-du-seminaire-receptions-de-lantiquite-a-nantes"]}]},{"@type":"BreadcrumbList","@id":"http:\/\/www.semen-l.org\/?tribe_events=septieme-seance-du-seminaire-receptions-de-lantiquite-a-nantes#breadcrumb","itemListElement":[{"@type":"ListItem","position":1,"name":"Accueil","item":"http:\/\/www.semen-l.org\/"},{"@type":"ListItem","position":2,"name":"\u00c9v\u00e8nements","item":"http:\/\/www.semen-l.org\/?post_type=tribe_events"},{"@type":"ListItem","position":3,"name":"Septi\u00e8me s\u00e9ance du S\u00e9minaire R\u00e9ceptions de l&rsquo;Antiquit\u00e9 \u00e0 Nantes"}]},{"@type":"WebSite","@id":"http:\/\/www.semen-l.org\/#website","url":"http:\/\/www.semen-l.org\/","name":"Soci\u00e9t\u00e9 d'\u00c9tudes M\u00e9dio Et N\u00e9o-Latines","description":"","publisher":{"@id":"http:\/\/www.semen-l.org\/#organization"},"potentialAction":[{"@type":"SearchAction","target":{"@type":"EntryPoint","urlTemplate":"http:\/\/www.semen-l.org\/?s={search_term_string}"},"query-input":{"@type":"PropertyValueSpecification","valueRequired":true,"valueName":"search_term_string"}}],"inLanguage":"fr-FR"},{"@type":"Organization","@id":"http:\/\/www.semen-l.org\/#organization","name":"Soci\u00e9t\u00e9 d'\u00e9tudes m\u00e9dio et n\u00e9o-latines","url":"http:\/\/www.semen-l.org\/","logo":{"@type":"ImageObject","inLanguage":"fr-FR","@id":"http:\/\/www.semen-l.org\/#\/schema\/logo\/image\/","url":"http:\/\/www.semen-l.org\/wp-content\/uploads\/2020\/11\/logo-semenl.jpg","contentUrl":"http:\/\/www.semen-l.org\/wp-content\/uploads\/2020\/11\/logo-semenl.jpg","width":408,"height":403,"caption":"Soci\u00e9t\u00e9 d'\u00e9tudes m\u00e9dio et n\u00e9o-latines"},"image":{"@id":"http:\/\/www.semen-l.org\/#\/schema\/logo\/image\/"},"sameAs":["https:\/\/www.facebook.com\/SEMENL2018","https:\/\/independent.academia.edu\/SocitsdtudesmdioetnolatinesSEMENL"]}]}},"_links":{"self":[{"href":"https:\/\/www.semen-l.org\/index.php?rest_route=\/wp\/v2\/tribe_events\/4274","targetHints":{"allow":["GET"]}}],"collection":[{"href":"https:\/\/www.semen-l.org\/index.php?rest_route=\/wp\/v2\/tribe_events"}],"about":[{"href":"https:\/\/www.semen-l.org\/index.php?rest_route=\/wp\/v2\/types\/tribe_events"}],"author":[{"embeddable":true,"href":"https:\/\/www.semen-l.org\/index.php?rest_route=\/wp\/v2\/users\/26"}],"version-history":[{"count":0,"href":"https:\/\/www.semen-l.org\/index.php?rest_route=\/wp\/v2\/tribe_events\/4274\/revisions"}],"wp:attachment":[{"href":"https:\/\/www.semen-l.org\/index.php?rest_route=%2Fwp%2Fv2%2Fmedia&parent=4274"}],"wp:term":[{"taxonomy":"post_tag","embeddable":true,"href":"https:\/\/www.semen-l.org\/index.php?rest_route=%2Fwp%2Fv2%2Ftags&post=4274"},{"taxonomy":"tribe_events_cat","embeddable":true,"href":"https:\/\/www.semen-l.org\/index.php?rest_route=%2Fwp%2Fv2%2Ftribe_events_cat&post=4274"}],"curies":[{"name":"wp","href":"https:\/\/api.w.org\/{rel}","templated":true}]}}