{"id":3987,"date":"2025-03-04T16:40:57","date_gmt":"2025-03-04T16:40:57","guid":{"rendered":"https:\/\/www.semen-l.org\/?post_type=tribe_events&#038;p=3987"},"modified":"2025-03-04T16:40:57","modified_gmt":"2025-03-04T16:40:57","slug":"seminaire-receptions-de-lantiquite-nantes-universite-seance-3","status":"publish","type":"tribe_events","link":"https:\/\/www.semen-l.org\/?tribe_events=seminaire-receptions-de-lantiquite-nantes-universite-seance-3","title":{"rendered":"S\u00e9minaire R\u00e9ceptions de l&rsquo;Antiquit\u00e9 &#8211; Nantes Universit\u00e9 &#8211; s\u00e9ance 3"},"content":{"rendered":"<p>La\u00a0<strong>troisi\u00e8me s\u00e9ance<\/strong>\u00a0du s\u00e9minaire \u201cR\u00e9ceptions de l\u2019Antiquit\u00e9\u201d se tiendra le\u00a0<strong>jeudi 6 mars 2025 (14h-16h)<\/strong>\u00a0:<\/p>\n<p class=\"has-text-align-center\"><strong>Mathieu Ferrand\u00a0<\/strong>(U. Grenoble Alpes) :<br \/>\n<strong>\u201cPublier la com\u00e9die n\u00e9o-latine, du manuscrit \u00e0 l\u2019\u00e9dition critique<\/strong><strong>\u201d<\/strong><\/p>\n<p>Le s\u00e9minaire est destin\u00e9 aux \u00e9tudiants du Master Arts, Lettres, Civilisations \u2013 Parcours Sciences de l\u2019Antiquit\u00e9 ainsi qu\u2019aux \u00e9tudiants de Master inscrits au cours \u201cR\u00e9ceptions de l\u2019Antiquit\u00e9\u201d\u00a0<strong>mais toute personne int\u00e9ress\u00e9e est la bienvenue<\/strong>.<\/p>\n<p><strong>Organisation\u00a0<\/strong>: D\u00e9borah Boijoux<br \/>\n<strong>Lieu\u00a0<\/strong>: Salle C248 (Censive \u2013 Nantes Universit\u00e9)<br \/>\n<strong>S\u00e9ance en hybride<\/strong>\u00a0<strong>(lien Zoom pour la s\u00e9ance du 6 mars)<\/strong>\u00a0:<br \/>\n<a href=\"https:\/\/univ-nantes-fr.zoom.us\/j\/86922213594\" target=\"_blank\" rel=\"noopener\">https:\/\/univ-nantes-fr.zoom.us\/j\/86922213594<\/a><br \/>\nID de r\u00e9union: 869 2221 3594<\/p>\n<a href=\"https:\/\/www.semen-l.org\/wp-content\/uploads\/2025\/03\/RECEPTIONS_ANTIQUITE_S3_affiche_mail.pdf\" class=\"pdfemb-viewer\" style=\"\" data-width=\"max\" data-height=\"max\" data-toolbar=\"both\" data-toolbar-fixed=\"off\">RECEPTIONS_ANTIQUITE_S3_affiche_mail<\/a>\n","protected":false},"excerpt":{"rendered":"<p>La\u00a0troisi\u00e8me s\u00e9ance\u00a0du s\u00e9minaire \u201cR\u00e9ceptions de l\u2019Antiquit\u00e9\u201d se tiendra le\u00a0jeudi 6 mars 2025 (14h-16h)\u00a0: Mathieu Ferrand\u00a0(U. Grenoble Alpes) : \u201cPublier la com\u00e9die n\u00e9o-latine, du manuscrit \u00e0 l\u2019\u00e9dition critique\u201d Le s\u00e9minaire est destin\u00e9 aux \u00e9tudiants du Master Arts, Lettres, Civilisations \u2013 Parcours &hellip; <a href=\"https:\/\/www.semen-l.org\/?tribe_events=seminaire-receptions-de-lantiquite-nantes-universite-seance-3\">Continuer la lecture <span class=\"meta-nav\">&rarr;<\/span><\/a><\/p>\n","protected":false},"author":26,"featured_media":0,"template":"","meta":{"_tribe_events_status":"","_tribe_events_status_reason":"","footnotes":""},"tags":[],"tribe_events_cat":[1675],"class_list":["post-3987","tribe_events","type-tribe_events","status-publish","hentry","tribe_events_cat-seminaire","cat_seminaire"],"yoast_head":"<!-- This site is optimized with the Yoast SEO plugin v27.5 - https:\/\/yoast.com\/product\/yoast-seo-wordpress\/ -->\n<title>S\u00e9minaire R\u00e9ceptions de l&#039;Antiquit\u00e9 - Nantes Universit\u00e9 - s\u00e9ance 3 - Soci\u00e9t\u00e9 d&#039;\u00c9tudes M\u00e9dio Et N\u00e9o-Latines<\/title>\n<meta name=\"robots\" content=\"index, follow, max-snippet:-1, max-image-preview:large, max-video-preview:-1\" \/>\n<link rel=\"canonical\" href=\"https:\/\/www.semen-l.org\/?tribe_events=seminaire-receptions-de-lantiquite-nantes-universite-seance-3\" \/>\n<meta property=\"og:locale\" content=\"fr_FR\" \/>\n<meta property=\"og:type\" content=\"article\" \/>\n<meta property=\"og:title\" content=\"S\u00e9minaire R\u00e9ceptions de l&#039;Antiquit\u00e9 - Nantes Universit\u00e9 - s\u00e9ance 3 - Soci\u00e9t\u00e9 d&#039;\u00c9tudes M\u00e9dio Et N\u00e9o-Latines\" \/>\n<meta property=\"og:description\" content=\"La\u00a0troisi\u00e8me s\u00e9ance\u00a0du s\u00e9minaire \u201cR\u00e9ceptions de l\u2019Antiquit\u00e9\u201d se tiendra le\u00a0jeudi 6 mars 2025 (14h-16h)\u00a0: Mathieu Ferrand\u00a0(U. Grenoble Alpes) : \u201cPublier la com\u00e9die n\u00e9o-latine, du manuscrit \u00e0 l\u2019\u00e9dition critique\u201d Le s\u00e9minaire est destin\u00e9 aux \u00e9tudiants du Master Arts, Lettres, Civilisations \u2013 Parcours &hellip; Continuer la lecture &rarr;\" \/>\n<meta property=\"og:url\" content=\"https:\/\/www.semen-l.org\/?tribe_events=seminaire-receptions-de-lantiquite-nantes-universite-seance-3\" \/>\n<meta property=\"og:site_name\" content=\"Soci\u00e9t\u00e9 d&#039;\u00c9tudes M\u00e9dio Et N\u00e9o-Latines\" \/>\n<meta property=\"article:publisher\" content=\"https:\/\/www.facebook.com\/SEMENL2018\" \/>\n<meta name=\"twitter:card\" content=\"summary_large_image\" \/>\n<meta name=\"twitter:label1\" content=\"Dur\u00e9e de lecture estim\u00e9e\" \/>\n\t<meta name=\"twitter:data1\" content=\"1 minute\" \/>\n<script type=\"application\/ld+json\" class=\"yoast-schema-graph\">{\"@context\":\"https:\\\/\\\/schema.org\",\"@graph\":[{\"@type\":\"WebPage\",\"@id\":\"https:\\\/\\\/www.semen-l.org\\\/?tribe_events=seminaire-receptions-de-lantiquite-nantes-universite-seance-3\",\"url\":\"https:\\\/\\\/www.semen-l.org\\\/?tribe_events=seminaire-receptions-de-lantiquite-nantes-universite-seance-3\",\"name\":\"S\u00e9minaire R\u00e9ceptions de l'Antiquit\u00e9 - Nantes Universit\u00e9 - s\u00e9ance 3 - Soci\u00e9t\u00e9 d&#039;\u00c9tudes M\u00e9dio Et N\u00e9o-Latines\",\"isPartOf\":{\"@id\":\"http:\\\/\\\/www.semen-l.org\\\/#website\"},\"datePublished\":\"2025-03-04T16:40:57+00:00\",\"breadcrumb\":{\"@id\":\"https:\\\/\\\/www.semen-l.org\\\/?tribe_events=seminaire-receptions-de-lantiquite-nantes-universite-seance-3#breadcrumb\"},\"inLanguage\":\"fr-FR\",\"potentialAction\":[{\"@type\":\"ReadAction\",\"target\":[\"https:\\\/\\\/www.semen-l.org\\\/?tribe_events=seminaire-receptions-de-lantiquite-nantes-universite-seance-3\"]}]},{\"@type\":\"BreadcrumbList\",\"@id\":\"https:\\\/\\\/www.semen-l.org\\\/?tribe_events=seminaire-receptions-de-lantiquite-nantes-universite-seance-3#breadcrumb\",\"itemListElement\":[{\"@type\":\"ListItem\",\"position\":1,\"name\":\"Accueil\",\"item\":\"http:\\\/\\\/www.semen-l.org\\\/\"},{\"@type\":\"ListItem\",\"position\":2,\"name\":\"\u00c9v\u00e8nements\",\"item\":\"http:\\\/\\\/www.semen-l.org\\\/?post_type=tribe_events\"},{\"@type\":\"ListItem\",\"position\":3,\"name\":\"S\u00e9minaire R\u00e9ceptions de l&rsquo;Antiquit\u00e9 &#8211; Nantes Universit\u00e9 &#8211; s\u00e9ance 3\"}]},{\"@type\":\"WebSite\",\"@id\":\"http:\\\/\\\/www.semen-l.org\\\/#website\",\"url\":\"http:\\\/\\\/www.semen-l.org\\\/\",\"name\":\"Soci\u00e9t\u00e9 d'\u00c9tudes M\u00e9dio Et N\u00e9o-Latines\",\"description\":\"\",\"publisher\":{\"@id\":\"http:\\\/\\\/www.semen-l.org\\\/#organization\"},\"potentialAction\":[{\"@type\":\"SearchAction\",\"target\":{\"@type\":\"EntryPoint\",\"urlTemplate\":\"http:\\\/\\\/www.semen-l.org\\\/?s={search_term_string}\"},\"query-input\":{\"@type\":\"PropertyValueSpecification\",\"valueRequired\":true,\"valueName\":\"search_term_string\"}}],\"inLanguage\":\"fr-FR\"},{\"@type\":\"Organization\",\"@id\":\"http:\\\/\\\/www.semen-l.org\\\/#organization\",\"name\":\"Soci\u00e9t\u00e9 d'\u00e9tudes m\u00e9dio et n\u00e9o-latines\",\"url\":\"http:\\\/\\\/www.semen-l.org\\\/\",\"logo\":{\"@type\":\"ImageObject\",\"inLanguage\":\"fr-FR\",\"@id\":\"http:\\\/\\\/www.semen-l.org\\\/#\\\/schema\\\/logo\\\/image\\\/\",\"url\":\"http:\\\/\\\/www.semen-l.org\\\/wp-content\\\/uploads\\\/2020\\\/11\\\/logo-semenl.jpg\",\"contentUrl\":\"http:\\\/\\\/www.semen-l.org\\\/wp-content\\\/uploads\\\/2020\\\/11\\\/logo-semenl.jpg\",\"width\":408,\"height\":403,\"caption\":\"Soci\u00e9t\u00e9 d'\u00e9tudes m\u00e9dio et n\u00e9o-latines\"},\"image\":{\"@id\":\"http:\\\/\\\/www.semen-l.org\\\/#\\\/schema\\\/logo\\\/image\\\/\"},\"sameAs\":[\"https:\\\/\\\/www.facebook.com\\\/SEMENL2018\",\"https:\\\/\\\/independent.academia.edu\\\/SocitsdtudesmdioetnolatinesSEMENL\"]}]}<\/script>\n<!-- \/ Yoast SEO plugin. -->","yoast_head_json":{"title":"S\u00e9minaire R\u00e9ceptions de l'Antiquit\u00e9 - Nantes Universit\u00e9 - s\u00e9ance 3 - Soci\u00e9t\u00e9 d&#039;\u00c9tudes M\u00e9dio Et N\u00e9o-Latines","robots":{"index":"index","follow":"follow","max-snippet":"max-snippet:-1","max-image-preview":"max-image-preview:large","max-video-preview":"max-video-preview:-1"},"canonical":"https:\/\/www.semen-l.org\/?tribe_events=seminaire-receptions-de-lantiquite-nantes-universite-seance-3","og_locale":"fr_FR","og_type":"article","og_title":"S\u00e9minaire R\u00e9ceptions de l'Antiquit\u00e9 - Nantes Universit\u00e9 - s\u00e9ance 3 - Soci\u00e9t\u00e9 d&#039;\u00c9tudes M\u00e9dio Et N\u00e9o-Latines","og_description":"La\u00a0troisi\u00e8me s\u00e9ance\u00a0du s\u00e9minaire \u201cR\u00e9ceptions de l\u2019Antiquit\u00e9\u201d se tiendra le\u00a0jeudi 6 mars 2025 (14h-16h)\u00a0: Mathieu Ferrand\u00a0(U. Grenoble Alpes) : \u201cPublier la com\u00e9die n\u00e9o-latine, du manuscrit \u00e0 l\u2019\u00e9dition critique\u201d Le s\u00e9minaire est destin\u00e9 aux \u00e9tudiants du Master Arts, Lettres, Civilisations \u2013 Parcours &hellip; Continuer la lecture &rarr;","og_url":"https:\/\/www.semen-l.org\/?tribe_events=seminaire-receptions-de-lantiquite-nantes-universite-seance-3","og_site_name":"Soci\u00e9t\u00e9 d&#039;\u00c9tudes M\u00e9dio Et N\u00e9o-Latines","article_publisher":"https:\/\/www.facebook.com\/SEMENL2018","twitter_card":"summary_large_image","twitter_misc":{"Dur\u00e9e de lecture estim\u00e9e":"1 minute"},"schema":{"@context":"https:\/\/schema.org","@graph":[{"@type":"WebPage","@id":"https:\/\/www.semen-l.org\/?tribe_events=seminaire-receptions-de-lantiquite-nantes-universite-seance-3","url":"https:\/\/www.semen-l.org\/?tribe_events=seminaire-receptions-de-lantiquite-nantes-universite-seance-3","name":"S\u00e9minaire R\u00e9ceptions de l'Antiquit\u00e9 - Nantes Universit\u00e9 - s\u00e9ance 3 - Soci\u00e9t\u00e9 d&#039;\u00c9tudes M\u00e9dio Et N\u00e9o-Latines","isPartOf":{"@id":"http:\/\/www.semen-l.org\/#website"},"datePublished":"2025-03-04T16:40:57+00:00","breadcrumb":{"@id":"https:\/\/www.semen-l.org\/?tribe_events=seminaire-receptions-de-lantiquite-nantes-universite-seance-3#breadcrumb"},"inLanguage":"fr-FR","potentialAction":[{"@type":"ReadAction","target":["https:\/\/www.semen-l.org\/?tribe_events=seminaire-receptions-de-lantiquite-nantes-universite-seance-3"]}]},{"@type":"BreadcrumbList","@id":"https:\/\/www.semen-l.org\/?tribe_events=seminaire-receptions-de-lantiquite-nantes-universite-seance-3#breadcrumb","itemListElement":[{"@type":"ListItem","position":1,"name":"Accueil","item":"http:\/\/www.semen-l.org\/"},{"@type":"ListItem","position":2,"name":"\u00c9v\u00e8nements","item":"http:\/\/www.semen-l.org\/?post_type=tribe_events"},{"@type":"ListItem","position":3,"name":"S\u00e9minaire R\u00e9ceptions de l&rsquo;Antiquit\u00e9 &#8211; Nantes Universit\u00e9 &#8211; s\u00e9ance 3"}]},{"@type":"WebSite","@id":"http:\/\/www.semen-l.org\/#website","url":"http:\/\/www.semen-l.org\/","name":"Soci\u00e9t\u00e9 d'\u00c9tudes M\u00e9dio Et N\u00e9o-Latines","description":"","publisher":{"@id":"http:\/\/www.semen-l.org\/#organization"},"potentialAction":[{"@type":"SearchAction","target":{"@type":"EntryPoint","urlTemplate":"http:\/\/www.semen-l.org\/?s={search_term_string}"},"query-input":{"@type":"PropertyValueSpecification","valueRequired":true,"valueName":"search_term_string"}}],"inLanguage":"fr-FR"},{"@type":"Organization","@id":"http:\/\/www.semen-l.org\/#organization","name":"Soci\u00e9t\u00e9 d'\u00e9tudes m\u00e9dio et n\u00e9o-latines","url":"http:\/\/www.semen-l.org\/","logo":{"@type":"ImageObject","inLanguage":"fr-FR","@id":"http:\/\/www.semen-l.org\/#\/schema\/logo\/image\/","url":"http:\/\/www.semen-l.org\/wp-content\/uploads\/2020\/11\/logo-semenl.jpg","contentUrl":"http:\/\/www.semen-l.org\/wp-content\/uploads\/2020\/11\/logo-semenl.jpg","width":408,"height":403,"caption":"Soci\u00e9t\u00e9 d'\u00e9tudes m\u00e9dio et n\u00e9o-latines"},"image":{"@id":"http:\/\/www.semen-l.org\/#\/schema\/logo\/image\/"},"sameAs":["https:\/\/www.facebook.com\/SEMENL2018","https:\/\/independent.academia.edu\/SocitsdtudesmdioetnolatinesSEMENL"]}]}},"_links":{"self":[{"href":"https:\/\/www.semen-l.org\/index.php?rest_route=\/wp\/v2\/tribe_events\/3987","targetHints":{"allow":["GET"]}}],"collection":[{"href":"https:\/\/www.semen-l.org\/index.php?rest_route=\/wp\/v2\/tribe_events"}],"about":[{"href":"https:\/\/www.semen-l.org\/index.php?rest_route=\/wp\/v2\/types\/tribe_events"}],"author":[{"embeddable":true,"href":"https:\/\/www.semen-l.org\/index.php?rest_route=\/wp\/v2\/users\/26"}],"version-history":[{"count":0,"href":"https:\/\/www.semen-l.org\/index.php?rest_route=\/wp\/v2\/tribe_events\/3987\/revisions"}],"wp:attachment":[{"href":"https:\/\/www.semen-l.org\/index.php?rest_route=%2Fwp%2Fv2%2Fmedia&parent=3987"}],"wp:term":[{"taxonomy":"post_tag","embeddable":true,"href":"https:\/\/www.semen-l.org\/index.php?rest_route=%2Fwp%2Fv2%2Ftags&post=3987"},{"taxonomy":"tribe_events_cat","embeddable":true,"href":"https:\/\/www.semen-l.org\/index.php?rest_route=%2Fwp%2Fv2%2Ftribe_events_cat&post=3987"}],"curies":[{"name":"wp","href":"https:\/\/api.w.org\/{rel}","templated":true}]}}