{"id":3515,"date":"2024-06-21T13:25:04","date_gmt":"2024-06-21T13:25:04","guid":{"rendered":"https:\/\/www.semen-l.org\/?post_type=tribe_events&#038;p=3515"},"modified":"2024-06-21T13:25:04","modified_gmt":"2024-06-21T13:25:04","slug":"appel-a-communication-ve-journee-des-jeunes-chercheurs-de-la-societe-detudes-medio-et-neo-latine-semen-l-nantes","status":"publish","type":"tribe_events","link":"https:\/\/www.semen-l.org\/?tribe_events=appel-a-communication-ve-journee-des-jeunes-chercheurs-de-la-societe-detudes-medio-et-neo-latine-semen-l-nantes","title":{"rendered":"Appel \u00e0 communication : Ve journ\u00e9e des jeunes chercheurs de la Soci\u00e9t\u00e9 d&rsquo;\u00e9tudes m\u00e9dio- et n\u00e9o-latine SEMEN-L (Nantes)"},"content":{"rendered":"<p><img fetchpriority=\"high\" decoding=\"async\" class=\"alignright size-medium wp-image-600\" src=\"http:\/\/www.semen-l.org\/wp-content\/uploads\/2020\/11\/cropped-logo-semenl-300x300.jpg\" alt=\"\" width=\"300\" height=\"300\" srcset=\"https:\/\/www.semen-l.org\/wp-content\/uploads\/2020\/11\/cropped-logo-semenl-300x300.jpg 300w, https:\/\/www.semen-l.org\/wp-content\/uploads\/2020\/11\/cropped-logo-semenl-150x150.jpg 150w, https:\/\/www.semen-l.org\/wp-content\/uploads\/2020\/11\/cropped-logo-semenl.jpg 403w\" sizes=\"(max-width: 300px) 100vw, 300px\" \/>La Ve journ\u00e9e des jeunes chercheurs de la SEMEN-L se d\u00e9roulera \u00e0 l\u2019Universit\u00e9 de Nantes le vendredi 14 mars 2025.<\/p>\n<p>Nous invitons les doctorants et jeunes docteurs travaillant sur le m\u00e9dio et n\u00e9o-latin \u00e0 nous soumettre leur proposition pour une pr\u00e9sentation de leurs travaux illustrant un aspect des recherches m\u00e9dio et n\u00e9o-latines (linguistique, litt\u00e9raire, historique, ecdotique, etc.). La pr\u00e9sentation, d&rsquo;une dur\u00e9e de vingt minutes, peut servir \u00e0 pr\u00e9senter un projet de recherche, un chapitre de th\u00e8se, un cas d&rsquo;\u00e9tude, un article en cours de pr\u00e9paration&#8230;<\/p>\n<p>Les frais de transport et une nuit d&rsquo;h\u00f4tel (13 mars) pourront \u00eatre pris en charge pour les participants qui en feraient la demande.<\/p>\n<p>Les propositions de communication sont \u00e0 envoyer d&rsquo;ici le 30 septembre 2024 aux adresses des trois organisatrices\u00a0:\u00a0<a href=\"mailto:deborah.boijoux@univ-nantes.fr\">deborah.boijoux@univ-nantes.fr<\/a>,\u00a0<a href=\"mailto:alexia.dedieu@univ-amu.fr\">alexia.dedieu@univ-amu.fr<\/a>,\u00a0<a href=\"mailto:anne.morvan@univ-nantes.fr\">anne.morvan@univ-nantes.fr<\/a>.<br \/>\nLes fichiers comprendront une courte proposition (250 mots max) et une petite pr\u00e9sentation bio-bibliographique. Ils seront intitul\u00e9s comme suit\u00a0: NOM_Titre-de-la-communication.<\/p>\n<p>Cette journ\u00e9e est r\u00e9serv\u00e9e aux jeunes chercheurs de la SEMEN-L\u00a0; les participants devront \u00eatre \u00e0 jour de leur cotisation. Toutes les informations sur les adh\u00e9sions sont disponibles sur le site de la SEMEN-L\u00a0:\u00a0<a href=\"http:\/\/www.semen-l.org\/?p=187\">http:\/\/www.semen-l.org\/?p=187<\/a><\/p>\n<p>\u2014<\/p>\n<p><strong>Responsables\u00a0:\u00a0<\/strong>D\u00e9borah Boijoux (Nantes U.), Alexia Dedieu (U. d&rsquo;Aix-Marseille) et Anne Morvan (Nantes U.)<\/p>\n","protected":false},"excerpt":{"rendered":"<p>La Ve journ\u00e9e des jeunes chercheurs de la SEMEN-L se d\u00e9roulera \u00e0 l\u2019Universit\u00e9 de Nantes le vendredi 14 mars 2025. Nous invitons les doctorants et jeunes docteurs travaillant sur le m\u00e9dio et n\u00e9o-latin \u00e0 nous soumettre leur proposition pour une &hellip; <a href=\"https:\/\/www.semen-l.org\/?tribe_events=appel-a-communication-ve-journee-des-jeunes-chercheurs-de-la-societe-detudes-medio-et-neo-latine-semen-l-nantes\">Continuer la lecture <span class=\"meta-nav\">&rarr;<\/span><\/a><\/p>\n","protected":false},"author":26,"featured_media":0,"template":"","meta":{"_tribe_events_status":"","_tribe_events_status_reason":"","footnotes":""},"tags":[],"tribe_events_cat":[1709],"class_list":["post-3515","tribe_events","type-tribe_events","status-publish","hentry","tribe_events_cat-date-limite-dappel","cat_date-limite-dappel"],"yoast_head":"<!-- This site is optimized with the Yoast SEO plugin v27.5 - https:\/\/yoast.com\/product\/yoast-seo-wordpress\/ -->\n<title>Appel \u00e0 communication : Ve journ\u00e9e des jeunes chercheurs de la Soci\u00e9t\u00e9 d&#039;\u00e9tudes m\u00e9dio- et n\u00e9o-latine SEMEN-L (Nantes) - Soci\u00e9t\u00e9 d&#039;\u00c9tudes M\u00e9dio Et N\u00e9o-Latines<\/title>\n<meta name=\"robots\" content=\"index, follow, max-snippet:-1, max-image-preview:large, max-video-preview:-1\" \/>\n<link rel=\"canonical\" href=\"https:\/\/www.semen-l.org\/?tribe_events=appel-a-communication-ve-journee-des-jeunes-chercheurs-de-la-societe-detudes-medio-et-neo-latine-semen-l-nantes\" \/>\n<meta property=\"og:locale\" content=\"fr_FR\" \/>\n<meta property=\"og:type\" content=\"article\" \/>\n<meta property=\"og:title\" content=\"Appel \u00e0 communication : Ve journ\u00e9e des jeunes chercheurs de la Soci\u00e9t\u00e9 d&#039;\u00e9tudes m\u00e9dio- et n\u00e9o-latine SEMEN-L (Nantes) - Soci\u00e9t\u00e9 d&#039;\u00c9tudes M\u00e9dio Et N\u00e9o-Latines\" \/>\n<meta property=\"og:description\" content=\"La Ve journ\u00e9e des jeunes chercheurs de la SEMEN-L se d\u00e9roulera \u00e0 l\u2019Universit\u00e9 de Nantes le vendredi 14 mars 2025. Nous invitons les doctorants et jeunes docteurs travaillant sur le m\u00e9dio et n\u00e9o-latin \u00e0 nous soumettre leur proposition pour une &hellip; Continuer la lecture &rarr;\" \/>\n<meta property=\"og:url\" content=\"https:\/\/www.semen-l.org\/?tribe_events=appel-a-communication-ve-journee-des-jeunes-chercheurs-de-la-societe-detudes-medio-et-neo-latine-semen-l-nantes\" \/>\n<meta property=\"og:site_name\" content=\"Soci\u00e9t\u00e9 d&#039;\u00c9tudes M\u00e9dio Et N\u00e9o-Latines\" \/>\n<meta property=\"article:publisher\" content=\"https:\/\/www.facebook.com\/SEMENL2018\" \/>\n<meta property=\"og:image\" content=\"http:\/\/www.semen-l.org\/wp-content\/uploads\/2020\/11\/cropped-logo-semenl-300x300.jpg\" \/>\n<meta name=\"twitter:card\" content=\"summary_large_image\" \/>\n<meta name=\"twitter:label1\" content=\"Dur\u00e9e de lecture estim\u00e9e\" \/>\n\t<meta name=\"twitter:data1\" content=\"2 minutes\" \/>\n<script type=\"application\/ld+json\" class=\"yoast-schema-graph\">{\"@context\":\"https:\\\/\\\/schema.org\",\"@graph\":[{\"@type\":\"WebPage\",\"@id\":\"https:\\\/\\\/www.semen-l.org\\\/?tribe_events=appel-a-communication-ve-journee-des-jeunes-chercheurs-de-la-societe-detudes-medio-et-neo-latine-semen-l-nantes\",\"url\":\"https:\\\/\\\/www.semen-l.org\\\/?tribe_events=appel-a-communication-ve-journee-des-jeunes-chercheurs-de-la-societe-detudes-medio-et-neo-latine-semen-l-nantes\",\"name\":\"Appel \u00e0 communication : Ve journ\u00e9e des jeunes chercheurs de la Soci\u00e9t\u00e9 d'\u00e9tudes m\u00e9dio- et n\u00e9o-latine SEMEN-L (Nantes) - Soci\u00e9t\u00e9 d&#039;\u00c9tudes M\u00e9dio Et N\u00e9o-Latines\",\"isPartOf\":{\"@id\":\"http:\\\/\\\/www.semen-l.org\\\/#website\"},\"primaryImageOfPage\":{\"@id\":\"https:\\\/\\\/www.semen-l.org\\\/?tribe_events=appel-a-communication-ve-journee-des-jeunes-chercheurs-de-la-societe-detudes-medio-et-neo-latine-semen-l-nantes#primaryimage\"},\"image\":{\"@id\":\"https:\\\/\\\/www.semen-l.org\\\/?tribe_events=appel-a-communication-ve-journee-des-jeunes-chercheurs-de-la-societe-detudes-medio-et-neo-latine-semen-l-nantes#primaryimage\"},\"thumbnailUrl\":\"http:\\\/\\\/www.semen-l.org\\\/wp-content\\\/uploads\\\/2020\\\/11\\\/cropped-logo-semenl-300x300.jpg\",\"datePublished\":\"2024-06-21T13:25:04+00:00\",\"breadcrumb\":{\"@id\":\"https:\\\/\\\/www.semen-l.org\\\/?tribe_events=appel-a-communication-ve-journee-des-jeunes-chercheurs-de-la-societe-detudes-medio-et-neo-latine-semen-l-nantes#breadcrumb\"},\"inLanguage\":\"fr-FR\",\"potentialAction\":[{\"@type\":\"ReadAction\",\"target\":[\"https:\\\/\\\/www.semen-l.org\\\/?tribe_events=appel-a-communication-ve-journee-des-jeunes-chercheurs-de-la-societe-detudes-medio-et-neo-latine-semen-l-nantes\"]}]},{\"@type\":\"ImageObject\",\"inLanguage\":\"fr-FR\",\"@id\":\"https:\\\/\\\/www.semen-l.org\\\/?tribe_events=appel-a-communication-ve-journee-des-jeunes-chercheurs-de-la-societe-detudes-medio-et-neo-latine-semen-l-nantes#primaryimage\",\"url\":\"https:\\\/\\\/www.semen-l.org\\\/wp-content\\\/uploads\\\/2020\\\/11\\\/cropped-logo-semenl.jpg\",\"contentUrl\":\"https:\\\/\\\/www.semen-l.org\\\/wp-content\\\/uploads\\\/2020\\\/11\\\/cropped-logo-semenl.jpg\",\"width\":403,\"height\":403},{\"@type\":\"BreadcrumbList\",\"@id\":\"https:\\\/\\\/www.semen-l.org\\\/?tribe_events=appel-a-communication-ve-journee-des-jeunes-chercheurs-de-la-societe-detudes-medio-et-neo-latine-semen-l-nantes#breadcrumb\",\"itemListElement\":[{\"@type\":\"ListItem\",\"position\":1,\"name\":\"Accueil\",\"item\":\"http:\\\/\\\/www.semen-l.org\\\/\"},{\"@type\":\"ListItem\",\"position\":2,\"name\":\"\u00c9v\u00e8nements\",\"item\":\"http:\\\/\\\/www.semen-l.org\\\/?post_type=tribe_events\"},{\"@type\":\"ListItem\",\"position\":3,\"name\":\"Appel \u00e0 communication : Ve journ\u00e9e des jeunes chercheurs de la Soci\u00e9t\u00e9 d&rsquo;\u00e9tudes m\u00e9dio- et n\u00e9o-latine SEMEN-L (Nantes)\"}]},{\"@type\":\"WebSite\",\"@id\":\"http:\\\/\\\/www.semen-l.org\\\/#website\",\"url\":\"http:\\\/\\\/www.semen-l.org\\\/\",\"name\":\"Soci\u00e9t\u00e9 d'\u00c9tudes M\u00e9dio Et N\u00e9o-Latines\",\"description\":\"\",\"publisher\":{\"@id\":\"http:\\\/\\\/www.semen-l.org\\\/#organization\"},\"potentialAction\":[{\"@type\":\"SearchAction\",\"target\":{\"@type\":\"EntryPoint\",\"urlTemplate\":\"http:\\\/\\\/www.semen-l.org\\\/?s={search_term_string}\"},\"query-input\":{\"@type\":\"PropertyValueSpecification\",\"valueRequired\":true,\"valueName\":\"search_term_string\"}}],\"inLanguage\":\"fr-FR\"},{\"@type\":\"Organization\",\"@id\":\"http:\\\/\\\/www.semen-l.org\\\/#organization\",\"name\":\"Soci\u00e9t\u00e9 d'\u00e9tudes m\u00e9dio et n\u00e9o-latines\",\"url\":\"http:\\\/\\\/www.semen-l.org\\\/\",\"logo\":{\"@type\":\"ImageObject\",\"inLanguage\":\"fr-FR\",\"@id\":\"http:\\\/\\\/www.semen-l.org\\\/#\\\/schema\\\/logo\\\/image\\\/\",\"url\":\"http:\\\/\\\/www.semen-l.org\\\/wp-content\\\/uploads\\\/2020\\\/11\\\/logo-semenl.jpg\",\"contentUrl\":\"http:\\\/\\\/www.semen-l.org\\\/wp-content\\\/uploads\\\/2020\\\/11\\\/logo-semenl.jpg\",\"width\":408,\"height\":403,\"caption\":\"Soci\u00e9t\u00e9 d'\u00e9tudes m\u00e9dio et n\u00e9o-latines\"},\"image\":{\"@id\":\"http:\\\/\\\/www.semen-l.org\\\/#\\\/schema\\\/logo\\\/image\\\/\"},\"sameAs\":[\"https:\\\/\\\/www.facebook.com\\\/SEMENL2018\",\"https:\\\/\\\/independent.academia.edu\\\/SocitsdtudesmdioetnolatinesSEMENL\"]}]}<\/script>\n<!-- \/ Yoast SEO plugin. -->","yoast_head_json":{"title":"Appel \u00e0 communication : Ve journ\u00e9e des jeunes chercheurs de la Soci\u00e9t\u00e9 d'\u00e9tudes m\u00e9dio- et n\u00e9o-latine SEMEN-L (Nantes) - Soci\u00e9t\u00e9 d&#039;\u00c9tudes M\u00e9dio Et N\u00e9o-Latines","robots":{"index":"index","follow":"follow","max-snippet":"max-snippet:-1","max-image-preview":"max-image-preview:large","max-video-preview":"max-video-preview:-1"},"canonical":"https:\/\/www.semen-l.org\/?tribe_events=appel-a-communication-ve-journee-des-jeunes-chercheurs-de-la-societe-detudes-medio-et-neo-latine-semen-l-nantes","og_locale":"fr_FR","og_type":"article","og_title":"Appel \u00e0 communication : Ve journ\u00e9e des jeunes chercheurs de la Soci\u00e9t\u00e9 d'\u00e9tudes m\u00e9dio- et n\u00e9o-latine SEMEN-L (Nantes) - Soci\u00e9t\u00e9 d&#039;\u00c9tudes M\u00e9dio Et N\u00e9o-Latines","og_description":"La Ve journ\u00e9e des jeunes chercheurs de la SEMEN-L se d\u00e9roulera \u00e0 l\u2019Universit\u00e9 de Nantes le vendredi 14 mars 2025. Nous invitons les doctorants et jeunes docteurs travaillant sur le m\u00e9dio et n\u00e9o-latin \u00e0 nous soumettre leur proposition pour une &hellip; Continuer la lecture &rarr;","og_url":"https:\/\/www.semen-l.org\/?tribe_events=appel-a-communication-ve-journee-des-jeunes-chercheurs-de-la-societe-detudes-medio-et-neo-latine-semen-l-nantes","og_site_name":"Soci\u00e9t\u00e9 d&#039;\u00c9tudes M\u00e9dio Et N\u00e9o-Latines","article_publisher":"https:\/\/www.facebook.com\/SEMENL2018","og_image":[{"url":"http:\/\/www.semen-l.org\/wp-content\/uploads\/2020\/11\/cropped-logo-semenl-300x300.jpg","type":"","width":"","height":""}],"twitter_card":"summary_large_image","twitter_misc":{"Dur\u00e9e de lecture estim\u00e9e":"2 minutes"},"schema":{"@context":"https:\/\/schema.org","@graph":[{"@type":"WebPage","@id":"https:\/\/www.semen-l.org\/?tribe_events=appel-a-communication-ve-journee-des-jeunes-chercheurs-de-la-societe-detudes-medio-et-neo-latine-semen-l-nantes","url":"https:\/\/www.semen-l.org\/?tribe_events=appel-a-communication-ve-journee-des-jeunes-chercheurs-de-la-societe-detudes-medio-et-neo-latine-semen-l-nantes","name":"Appel \u00e0 communication : Ve journ\u00e9e des jeunes chercheurs de la Soci\u00e9t\u00e9 d'\u00e9tudes m\u00e9dio- et n\u00e9o-latine SEMEN-L (Nantes) - Soci\u00e9t\u00e9 d&#039;\u00c9tudes M\u00e9dio Et N\u00e9o-Latines","isPartOf":{"@id":"http:\/\/www.semen-l.org\/#website"},"primaryImageOfPage":{"@id":"https:\/\/www.semen-l.org\/?tribe_events=appel-a-communication-ve-journee-des-jeunes-chercheurs-de-la-societe-detudes-medio-et-neo-latine-semen-l-nantes#primaryimage"},"image":{"@id":"https:\/\/www.semen-l.org\/?tribe_events=appel-a-communication-ve-journee-des-jeunes-chercheurs-de-la-societe-detudes-medio-et-neo-latine-semen-l-nantes#primaryimage"},"thumbnailUrl":"http:\/\/www.semen-l.org\/wp-content\/uploads\/2020\/11\/cropped-logo-semenl-300x300.jpg","datePublished":"2024-06-21T13:25:04+00:00","breadcrumb":{"@id":"https:\/\/www.semen-l.org\/?tribe_events=appel-a-communication-ve-journee-des-jeunes-chercheurs-de-la-societe-detudes-medio-et-neo-latine-semen-l-nantes#breadcrumb"},"inLanguage":"fr-FR","potentialAction":[{"@type":"ReadAction","target":["https:\/\/www.semen-l.org\/?tribe_events=appel-a-communication-ve-journee-des-jeunes-chercheurs-de-la-societe-detudes-medio-et-neo-latine-semen-l-nantes"]}]},{"@type":"ImageObject","inLanguage":"fr-FR","@id":"https:\/\/www.semen-l.org\/?tribe_events=appel-a-communication-ve-journee-des-jeunes-chercheurs-de-la-societe-detudes-medio-et-neo-latine-semen-l-nantes#primaryimage","url":"https:\/\/www.semen-l.org\/wp-content\/uploads\/2020\/11\/cropped-logo-semenl.jpg","contentUrl":"https:\/\/www.semen-l.org\/wp-content\/uploads\/2020\/11\/cropped-logo-semenl.jpg","width":403,"height":403},{"@type":"BreadcrumbList","@id":"https:\/\/www.semen-l.org\/?tribe_events=appel-a-communication-ve-journee-des-jeunes-chercheurs-de-la-societe-detudes-medio-et-neo-latine-semen-l-nantes#breadcrumb","itemListElement":[{"@type":"ListItem","position":1,"name":"Accueil","item":"http:\/\/www.semen-l.org\/"},{"@type":"ListItem","position":2,"name":"\u00c9v\u00e8nements","item":"http:\/\/www.semen-l.org\/?post_type=tribe_events"},{"@type":"ListItem","position":3,"name":"Appel \u00e0 communication : Ve journ\u00e9e des jeunes chercheurs de la Soci\u00e9t\u00e9 d&rsquo;\u00e9tudes m\u00e9dio- et n\u00e9o-latine SEMEN-L (Nantes)"}]},{"@type":"WebSite","@id":"http:\/\/www.semen-l.org\/#website","url":"http:\/\/www.semen-l.org\/","name":"Soci\u00e9t\u00e9 d'\u00c9tudes M\u00e9dio Et N\u00e9o-Latines","description":"","publisher":{"@id":"http:\/\/www.semen-l.org\/#organization"},"potentialAction":[{"@type":"SearchAction","target":{"@type":"EntryPoint","urlTemplate":"http:\/\/www.semen-l.org\/?s={search_term_string}"},"query-input":{"@type":"PropertyValueSpecification","valueRequired":true,"valueName":"search_term_string"}}],"inLanguage":"fr-FR"},{"@type":"Organization","@id":"http:\/\/www.semen-l.org\/#organization","name":"Soci\u00e9t\u00e9 d'\u00e9tudes m\u00e9dio et n\u00e9o-latines","url":"http:\/\/www.semen-l.org\/","logo":{"@type":"ImageObject","inLanguage":"fr-FR","@id":"http:\/\/www.semen-l.org\/#\/schema\/logo\/image\/","url":"http:\/\/www.semen-l.org\/wp-content\/uploads\/2020\/11\/logo-semenl.jpg","contentUrl":"http:\/\/www.semen-l.org\/wp-content\/uploads\/2020\/11\/logo-semenl.jpg","width":408,"height":403,"caption":"Soci\u00e9t\u00e9 d'\u00e9tudes m\u00e9dio et n\u00e9o-latines"},"image":{"@id":"http:\/\/www.semen-l.org\/#\/schema\/logo\/image\/"},"sameAs":["https:\/\/www.facebook.com\/SEMENL2018","https:\/\/independent.academia.edu\/SocitsdtudesmdioetnolatinesSEMENL"]}]}},"_links":{"self":[{"href":"https:\/\/www.semen-l.org\/index.php?rest_route=\/wp\/v2\/tribe_events\/3515","targetHints":{"allow":["GET"]}}],"collection":[{"href":"https:\/\/www.semen-l.org\/index.php?rest_route=\/wp\/v2\/tribe_events"}],"about":[{"href":"https:\/\/www.semen-l.org\/index.php?rest_route=\/wp\/v2\/types\/tribe_events"}],"author":[{"embeddable":true,"href":"https:\/\/www.semen-l.org\/index.php?rest_route=\/wp\/v2\/users\/26"}],"version-history":[{"count":0,"href":"https:\/\/www.semen-l.org\/index.php?rest_route=\/wp\/v2\/tribe_events\/3515\/revisions"}],"wp:attachment":[{"href":"https:\/\/www.semen-l.org\/index.php?rest_route=%2Fwp%2Fv2%2Fmedia&parent=3515"}],"wp:term":[{"taxonomy":"post_tag","embeddable":true,"href":"https:\/\/www.semen-l.org\/index.php?rest_route=%2Fwp%2Fv2%2Ftags&post=3515"},{"taxonomy":"tribe_events_cat","embeddable":true,"href":"https:\/\/www.semen-l.org\/index.php?rest_route=%2Fwp%2Fv2%2Ftribe_events_cat&post=3515"}],"curies":[{"name":"wp","href":"https:\/\/api.w.org\/{rel}","templated":true}]}}