{"id":2181,"date":"2022-05-03T18:58:52","date_gmt":"2022-05-03T18:58:52","guid":{"rendered":"https:\/\/www.semen-l.org\/?post_type=tribe_events&#038;p=2181"},"modified":"2022-06-03T19:05:57","modified_gmt":"2022-06-03T19:05:57","slug":"colloque-metaphysica-paupera-la-speculation-metaphysique-humaniste-xive-xvie-siecles-tours","status":"publish","type":"tribe_events","link":"https:\/\/www.semen-l.org\/?tribe_events=colloque-metaphysica-paupera-la-speculation-metaphysique-humaniste-xive-xvie-siecles-tours","title":{"rendered":"Colloque Metaphysica Paupera. La sp\u00e9culation m\u00e9taphysique humaniste (XIVe-XVIe si\u00e8cles) &#8211; Tours"},"content":{"rendered":"<a href=\"https:\/\/www.semen-l.org\/wp-content\/uploads\/2022\/05\/AFF-COLL-METAPHYSICA-5.pdf\" class=\"pdfemb-viewer\" style=\"\" data-width=\"max\" data-height=\"max\" data-toolbar=\"both\" data-toolbar-fixed=\"off\">AFF-COLL-METAPHYSICA (5)<\/a>\n<p>Colloque Metaphysica Paupera. La sp\u00e9culation m\u00e9taphysique humaniste (XIVe-XVIe si\u00e8cles) &#8211; Tours<\/p>\n<p>15-17 juin 2022<br \/>\nTours, CESR &#8211; Salle Rapin<br \/>\n&amp; en distanciel<\/p>\n<p><a href=\"https:\/\/teams.microsoft.com\/l\/meetup-join\/19%3ameeting_Y2U5MGI3OTYtYWQ4MS00ZjgwLTg5ZjUtYTFkMDVlODNlN2Vl%40thread.v2\/0?context=%7b%22Tid%22%3a%2216150599-ebb0-4fcf-94a5-6010823c7bd5%22%2c%22Oid%22%3a%22eea9ef95-f471-4a0d-83f4-4648a6db6157%22%7d\">Lien de connexion<\/a><\/p>\n<p>organis\u00e9 par<br \/>\nFosca Mariani Zini<br \/>\n&amp; Christian Trottmann<br \/>\n(CESR , Universit\u00e9 de Tours)<\/p>\n<p>Contact &#8211; Marie-Laure Masquilier<br \/>\nmarie-laure.masquilier@univ-tours.fr<\/p>\n<p>Programme :<\/p>\n<a href=\"https:\/\/www.semen-l.org\/wp-content\/uploads\/2022\/05\/PROG-COLL-METAPHYSICA-WEB-1.pdf\" class=\"pdfemb-viewer\" style=\"\" data-width=\"max\" data-height=\"max\" data-toolbar=\"both\" data-toolbar-fixed=\"off\">PROG-COLL-METAPHYSICA-WEB (1)<\/a>\n<p>&nbsp;<\/p>\n","protected":false},"excerpt":{"rendered":"<p>Colloque Metaphysica Paupera. La sp\u00e9culation m\u00e9taphysique humaniste (XIVe-XVIe si\u00e8cles) &#8211; Tours 15-17 juin 2022 Tours, CESR &#8211; Salle Rapin &amp; en distanciel Lien de connexion organis\u00e9 par Fosca Mariani Zini &amp; Christian Trottmann (CESR , Universit\u00e9 de Tours) Contact &#8211; &hellip; <a href=\"https:\/\/www.semen-l.org\/?tribe_events=colloque-metaphysica-paupera-la-speculation-metaphysique-humaniste-xive-xvie-siecles-tours\">Continuer la lecture <span class=\"meta-nav\">&rarr;<\/span><\/a><\/p>\n","protected":false},"author":26,"featured_media":0,"template":"","meta":{"_tribe_events_status":"","_tribe_events_status_reason":"","footnotes":""},"tags":[1681,144,139],"tribe_events_cat":[1673],"class_list":["post-2181","tribe_events","type-tribe_events","status-publish","hentry","tag-giotto","tag-humanisme","tag-philosophie","tribe_events_cat-colloque","cat_colloque"],"yoast_head":"<!-- This site is optimized with the Yoast SEO plugin v27.5 - https:\/\/yoast.com\/product\/yoast-seo-wordpress\/ -->\n<title>Colloque Metaphysica Paupera. La sp\u00e9culation m\u00e9taphysique humaniste (XIVe-XVIe si\u00e8cles) - Tours - Soci\u00e9t\u00e9 d&#039;\u00c9tudes M\u00e9dio Et N\u00e9o-Latines<\/title>\n<meta name=\"robots\" content=\"index, follow, max-snippet:-1, max-image-preview:large, max-video-preview:-1\" \/>\n<link rel=\"canonical\" href=\"https:\/\/www.semen-l.org\/?tribe_events=colloque-metaphysica-paupera-la-speculation-metaphysique-humaniste-xive-xvie-siecles-tours\" \/>\n<meta property=\"og:locale\" content=\"fr_FR\" \/>\n<meta property=\"og:type\" content=\"article\" \/>\n<meta property=\"og:title\" content=\"Colloque Metaphysica Paupera. La sp\u00e9culation m\u00e9taphysique humaniste (XIVe-XVIe si\u00e8cles) - Tours - Soci\u00e9t\u00e9 d&#039;\u00c9tudes M\u00e9dio Et N\u00e9o-Latines\" \/>\n<meta property=\"og:description\" content=\"Colloque Metaphysica Paupera. La sp\u00e9culation m\u00e9taphysique humaniste (XIVe-XVIe si\u00e8cles) &#8211; Tours 15-17 juin 2022 Tours, CESR &#8211; Salle Rapin &amp; en distanciel Lien de connexion organis\u00e9 par Fosca Mariani Zini &amp; Christian Trottmann (CESR , Universit\u00e9 de Tours) Contact &#8211; &hellip; Continuer la lecture &rarr;\" \/>\n<meta property=\"og:url\" content=\"https:\/\/www.semen-l.org\/?tribe_events=colloque-metaphysica-paupera-la-speculation-metaphysique-humaniste-xive-xvie-siecles-tours\" \/>\n<meta property=\"og:site_name\" content=\"Soci\u00e9t\u00e9 d&#039;\u00c9tudes M\u00e9dio Et N\u00e9o-Latines\" \/>\n<meta property=\"article:publisher\" content=\"https:\/\/www.facebook.com\/SEMENL2018\" \/>\n<meta property=\"article:modified_time\" content=\"2022-06-03T19:05:57+00:00\" \/>\n<meta name=\"twitter:card\" content=\"summary_large_image\" \/>\n<meta name=\"twitter:label1\" content=\"Dur\u00e9e de lecture estim\u00e9e\" \/>\n\t<meta name=\"twitter:data1\" content=\"1 minute\" \/>\n<script type=\"application\/ld+json\" class=\"yoast-schema-graph\">{\"@context\":\"https:\\\/\\\/schema.org\",\"@graph\":[{\"@type\":\"WebPage\",\"@id\":\"https:\\\/\\\/www.semen-l.org\\\/?tribe_events=colloque-metaphysica-paupera-la-speculation-metaphysique-humaniste-xive-xvie-siecles-tours\",\"url\":\"https:\\\/\\\/www.semen-l.org\\\/?tribe_events=colloque-metaphysica-paupera-la-speculation-metaphysique-humaniste-xive-xvie-siecles-tours\",\"name\":\"Colloque Metaphysica Paupera. La sp\u00e9culation m\u00e9taphysique humaniste (XIVe-XVIe si\u00e8cles) - Tours - Soci\u00e9t\u00e9 d&#039;\u00c9tudes M\u00e9dio Et N\u00e9o-Latines\",\"isPartOf\":{\"@id\":\"http:\\\/\\\/www.semen-l.org\\\/#website\"},\"datePublished\":\"2022-05-03T18:58:52+00:00\",\"dateModified\":\"2022-06-03T19:05:57+00:00\",\"breadcrumb\":{\"@id\":\"https:\\\/\\\/www.semen-l.org\\\/?tribe_events=colloque-metaphysica-paupera-la-speculation-metaphysique-humaniste-xive-xvie-siecles-tours#breadcrumb\"},\"inLanguage\":\"fr-FR\",\"potentialAction\":[{\"@type\":\"ReadAction\",\"target\":[\"https:\\\/\\\/www.semen-l.org\\\/?tribe_events=colloque-metaphysica-paupera-la-speculation-metaphysique-humaniste-xive-xvie-siecles-tours\"]}]},{\"@type\":\"BreadcrumbList\",\"@id\":\"https:\\\/\\\/www.semen-l.org\\\/?tribe_events=colloque-metaphysica-paupera-la-speculation-metaphysique-humaniste-xive-xvie-siecles-tours#breadcrumb\",\"itemListElement\":[{\"@type\":\"ListItem\",\"position\":1,\"name\":\"Accueil\",\"item\":\"http:\\\/\\\/www.semen-l.org\\\/\"},{\"@type\":\"ListItem\",\"position\":2,\"name\":\"\u00c9v\u00e8nements\",\"item\":\"http:\\\/\\\/www.semen-l.org\\\/?post_type=tribe_events\"},{\"@type\":\"ListItem\",\"position\":3,\"name\":\"Colloque Metaphysica Paupera. La sp\u00e9culation m\u00e9taphysique humaniste (XIVe-XVIe si\u00e8cles) &#8211; Tours\"}]},{\"@type\":\"WebSite\",\"@id\":\"http:\\\/\\\/www.semen-l.org\\\/#website\",\"url\":\"http:\\\/\\\/www.semen-l.org\\\/\",\"name\":\"Soci\u00e9t\u00e9 d'\u00c9tudes M\u00e9dio Et N\u00e9o-Latines\",\"description\":\"\",\"publisher\":{\"@id\":\"http:\\\/\\\/www.semen-l.org\\\/#organization\"},\"potentialAction\":[{\"@type\":\"SearchAction\",\"target\":{\"@type\":\"EntryPoint\",\"urlTemplate\":\"http:\\\/\\\/www.semen-l.org\\\/?s={search_term_string}\"},\"query-input\":{\"@type\":\"PropertyValueSpecification\",\"valueRequired\":true,\"valueName\":\"search_term_string\"}}],\"inLanguage\":\"fr-FR\"},{\"@type\":\"Organization\",\"@id\":\"http:\\\/\\\/www.semen-l.org\\\/#organization\",\"name\":\"Soci\u00e9t\u00e9 d'\u00e9tudes m\u00e9dio et n\u00e9o-latines\",\"url\":\"http:\\\/\\\/www.semen-l.org\\\/\",\"logo\":{\"@type\":\"ImageObject\",\"inLanguage\":\"fr-FR\",\"@id\":\"http:\\\/\\\/www.semen-l.org\\\/#\\\/schema\\\/logo\\\/image\\\/\",\"url\":\"http:\\\/\\\/www.semen-l.org\\\/wp-content\\\/uploads\\\/2020\\\/11\\\/logo-semenl.jpg\",\"contentUrl\":\"http:\\\/\\\/www.semen-l.org\\\/wp-content\\\/uploads\\\/2020\\\/11\\\/logo-semenl.jpg\",\"width\":408,\"height\":403,\"caption\":\"Soci\u00e9t\u00e9 d'\u00e9tudes m\u00e9dio et n\u00e9o-latines\"},\"image\":{\"@id\":\"http:\\\/\\\/www.semen-l.org\\\/#\\\/schema\\\/logo\\\/image\\\/\"},\"sameAs\":[\"https:\\\/\\\/www.facebook.com\\\/SEMENL2018\",\"https:\\\/\\\/independent.academia.edu\\\/SocitsdtudesmdioetnolatinesSEMENL\"]}]}<\/script>\n<!-- \/ Yoast SEO plugin. -->","yoast_head_json":{"title":"Colloque Metaphysica Paupera. La sp\u00e9culation m\u00e9taphysique humaniste (XIVe-XVIe si\u00e8cles) - Tours - Soci\u00e9t\u00e9 d&#039;\u00c9tudes M\u00e9dio Et N\u00e9o-Latines","robots":{"index":"index","follow":"follow","max-snippet":"max-snippet:-1","max-image-preview":"max-image-preview:large","max-video-preview":"max-video-preview:-1"},"canonical":"https:\/\/www.semen-l.org\/?tribe_events=colloque-metaphysica-paupera-la-speculation-metaphysique-humaniste-xive-xvie-siecles-tours","og_locale":"fr_FR","og_type":"article","og_title":"Colloque Metaphysica Paupera. La sp\u00e9culation m\u00e9taphysique humaniste (XIVe-XVIe si\u00e8cles) - Tours - Soci\u00e9t\u00e9 d&#039;\u00c9tudes M\u00e9dio Et N\u00e9o-Latines","og_description":"Colloque Metaphysica Paupera. La sp\u00e9culation m\u00e9taphysique humaniste (XIVe-XVIe si\u00e8cles) &#8211; Tours 15-17 juin 2022 Tours, CESR &#8211; Salle Rapin &amp; en distanciel Lien de connexion organis\u00e9 par Fosca Mariani Zini &amp; Christian Trottmann (CESR , Universit\u00e9 de Tours) Contact &#8211; &hellip; Continuer la lecture &rarr;","og_url":"https:\/\/www.semen-l.org\/?tribe_events=colloque-metaphysica-paupera-la-speculation-metaphysique-humaniste-xive-xvie-siecles-tours","og_site_name":"Soci\u00e9t\u00e9 d&#039;\u00c9tudes M\u00e9dio Et N\u00e9o-Latines","article_publisher":"https:\/\/www.facebook.com\/SEMENL2018","article_modified_time":"2022-06-03T19:05:57+00:00","twitter_card":"summary_large_image","twitter_misc":{"Dur\u00e9e de lecture estim\u00e9e":"1 minute"},"schema":{"@context":"https:\/\/schema.org","@graph":[{"@type":"WebPage","@id":"https:\/\/www.semen-l.org\/?tribe_events=colloque-metaphysica-paupera-la-speculation-metaphysique-humaniste-xive-xvie-siecles-tours","url":"https:\/\/www.semen-l.org\/?tribe_events=colloque-metaphysica-paupera-la-speculation-metaphysique-humaniste-xive-xvie-siecles-tours","name":"Colloque Metaphysica Paupera. La sp\u00e9culation m\u00e9taphysique humaniste (XIVe-XVIe si\u00e8cles) - Tours - Soci\u00e9t\u00e9 d&#039;\u00c9tudes M\u00e9dio Et N\u00e9o-Latines","isPartOf":{"@id":"http:\/\/www.semen-l.org\/#website"},"datePublished":"2022-05-03T18:58:52+00:00","dateModified":"2022-06-03T19:05:57+00:00","breadcrumb":{"@id":"https:\/\/www.semen-l.org\/?tribe_events=colloque-metaphysica-paupera-la-speculation-metaphysique-humaniste-xive-xvie-siecles-tours#breadcrumb"},"inLanguage":"fr-FR","potentialAction":[{"@type":"ReadAction","target":["https:\/\/www.semen-l.org\/?tribe_events=colloque-metaphysica-paupera-la-speculation-metaphysique-humaniste-xive-xvie-siecles-tours"]}]},{"@type":"BreadcrumbList","@id":"https:\/\/www.semen-l.org\/?tribe_events=colloque-metaphysica-paupera-la-speculation-metaphysique-humaniste-xive-xvie-siecles-tours#breadcrumb","itemListElement":[{"@type":"ListItem","position":1,"name":"Accueil","item":"http:\/\/www.semen-l.org\/"},{"@type":"ListItem","position":2,"name":"\u00c9v\u00e8nements","item":"http:\/\/www.semen-l.org\/?post_type=tribe_events"},{"@type":"ListItem","position":3,"name":"Colloque Metaphysica Paupera. La sp\u00e9culation m\u00e9taphysique humaniste (XIVe-XVIe si\u00e8cles) &#8211; Tours"}]},{"@type":"WebSite","@id":"http:\/\/www.semen-l.org\/#website","url":"http:\/\/www.semen-l.org\/","name":"Soci\u00e9t\u00e9 d'\u00c9tudes M\u00e9dio Et N\u00e9o-Latines","description":"","publisher":{"@id":"http:\/\/www.semen-l.org\/#organization"},"potentialAction":[{"@type":"SearchAction","target":{"@type":"EntryPoint","urlTemplate":"http:\/\/www.semen-l.org\/?s={search_term_string}"},"query-input":{"@type":"PropertyValueSpecification","valueRequired":true,"valueName":"search_term_string"}}],"inLanguage":"fr-FR"},{"@type":"Organization","@id":"http:\/\/www.semen-l.org\/#organization","name":"Soci\u00e9t\u00e9 d'\u00e9tudes m\u00e9dio et n\u00e9o-latines","url":"http:\/\/www.semen-l.org\/","logo":{"@type":"ImageObject","inLanguage":"fr-FR","@id":"http:\/\/www.semen-l.org\/#\/schema\/logo\/image\/","url":"http:\/\/www.semen-l.org\/wp-content\/uploads\/2020\/11\/logo-semenl.jpg","contentUrl":"http:\/\/www.semen-l.org\/wp-content\/uploads\/2020\/11\/logo-semenl.jpg","width":408,"height":403,"caption":"Soci\u00e9t\u00e9 d'\u00e9tudes m\u00e9dio et n\u00e9o-latines"},"image":{"@id":"http:\/\/www.semen-l.org\/#\/schema\/logo\/image\/"},"sameAs":["https:\/\/www.facebook.com\/SEMENL2018","https:\/\/independent.academia.edu\/SocitsdtudesmdioetnolatinesSEMENL"]}]}},"_links":{"self":[{"href":"https:\/\/www.semen-l.org\/index.php?rest_route=\/wp\/v2\/tribe_events\/2181","targetHints":{"allow":["GET"]}}],"collection":[{"href":"https:\/\/www.semen-l.org\/index.php?rest_route=\/wp\/v2\/tribe_events"}],"about":[{"href":"https:\/\/www.semen-l.org\/index.php?rest_route=\/wp\/v2\/types\/tribe_events"}],"author":[{"embeddable":true,"href":"https:\/\/www.semen-l.org\/index.php?rest_route=\/wp\/v2\/users\/26"}],"version-history":[{"count":0,"href":"https:\/\/www.semen-l.org\/index.php?rest_route=\/wp\/v2\/tribe_events\/2181\/revisions"}],"wp:attachment":[{"href":"https:\/\/www.semen-l.org\/index.php?rest_route=%2Fwp%2Fv2%2Fmedia&parent=2181"}],"wp:term":[{"taxonomy":"post_tag","embeddable":true,"href":"https:\/\/www.semen-l.org\/index.php?rest_route=%2Fwp%2Fv2%2Ftags&post=2181"},{"taxonomy":"tribe_events_cat","embeddable":true,"href":"https:\/\/www.semen-l.org\/index.php?rest_route=%2Fwp%2Fv2%2Ftribe_events_cat&post=2181"}],"curies":[{"name":"wp","href":"https:\/\/api.w.org\/{rel}","templated":true}]}}