{"id":4068,"date":"2025-10-02T14:03:37","date_gmt":"2025-10-02T14:03:37","guid":{"rendered":"https:\/\/www.semen-l.org\/?post_type=tribe_events&#038;p=4068"},"modified":"2025-10-02T14:03:37","modified_gmt":"2025-10-02T14:03:37","slug":"early-modern-representations-of-the-sovereigns-of-france-and-bohemia-genre-language-and-confessional-politics-journee-barrande","status":"publish","type":"tribe_events","link":"http:\/\/www.semen-l.org\/?tribe_events=early-modern-representations-of-the-sovereigns-of-france-and-bohemia-genre-language-and-confessional-politics-journee-barrande","title":{"rendered":"\u00ab\u00a0Early Modern Representations of the Sovereigns of France and Bohemia: Genre, Language, and Confessional Politics\u00a0\u00bb &#8211; Journ\u00e9e Barrande"},"content":{"rendered":"<h1><a href=\"http:\/\/www.semen-l.org\/wp-content\/uploads\/2025\/10\/Journee-Barrande-affiche.pdf\" class=\"pdfemb-viewer\" style=\"\" data-width=\"max\" data-height=\"max\" data-toolbar=\"both\" data-toolbar-fixed=\"off\">Journ\u00e9e Barrande<\/a><\/h1>\n<h1>PHC BARRANDE &#8211; 50573SG<\/h1>\n<p>October 2<\/p>\n<p>17, rue de la Sorbonne, 75005 Paris Salle D054 Egyptologie<\/p>\n<h1>Early Modern Representations of the Sovereigns of France and Bohemia: Genre, Language, and Confessional Politics<\/h1>\n<p><strong>\u00a0<\/strong><\/p>\n<p><strong>Workshop organised by Virginie Leroux &#8211; SAPRAT (EA 4116) \u00c9cole Pratique des Hautes \u00c9tudes (EPHE, PSL) and Marcela Slav\u00edkov\u00e1 Institute of Philosophy &#8211; Czech Academy of Sciences<\/strong><\/p>\n<p>9:45 a.m : Welcome and introduction<\/p>\n<ul>\n<li>m.: St\u00e9phane P\u00e9quignot: Diplomatic relations between France and Bohemia: a State of the Art<\/li>\n<\/ul>\n<p>10:30 a.m.: Lucie Storchov\u00e1: Comparing gendered portrayals of queens and lower nobility in Bohemian Neo-latin poetry around 1550<\/p>\n<ul>\n<li>m.: Marta Vacul\u00ednov\u00e1: The image of Maximilian II in contemporary Bohemian literature<\/li>\n<\/ul>\n<p>11:30 a.m.: John Nassichuk: Portraits and Glimpses of Henri II in Latin Funerary Verse by Celestine Monks for the Royal Cardiotaph at the Celetines\u2019 Monastery in Paris (1559-1563).<\/p>\n<p><em>Lunch<\/em><\/p>\n<ul>\n<li>m.: Virginie Leroux: Jean Papire Masson and Charles IX: historiography, hagiography, and biography in the style of Suetonius<\/li>\n<\/ul>\n<p>2:30 p.m.: Claire Absil : Dorat and Ba\u00eff Confronting the Double Coronation of Henry III: Latin Poetry and the Polish Affair<\/p>\n<ul>\n<li>m .: Vojt\u011bch Pelc: Rudolf II in Latin Funeral Sermons and Laudatory Poetry of the Bohemian Lands<\/li>\n<\/ul>\n<p>3:30 p.m.: Marcela Slav\u00edkov\u00e1: Perspectives at the University of Prague on Ferdinand II of Styria and Frederick of the Palatinate : Parallel Rhetorical Strategies on the Two Kings of Bohemia<\/p>\n<ul>\n<li>m.: Discussion<\/li>\n<\/ul>\n","protected":false},"excerpt":{"rendered":"<p>PHC BARRANDE &#8211; 50573SG October 2 17, rue de la Sorbonne, 75005 Paris Salle D054 Egyptologie Early Modern Representations of the Sovereigns of France and Bohemia: Genre, Language, and Confessional Politics \u00a0 Workshop organised by Virginie Leroux &#8211; SAPRAT (EA &hellip; <a href=\"http:\/\/www.semen-l.org\/?tribe_events=early-modern-representations-of-the-sovereigns-of-france-and-bohemia-genre-language-and-confessional-politics-journee-barrande\">Continuer la lecture <span class=\"meta-nav\">&rarr;<\/span><\/a><\/p>\n","protected":false},"author":26,"featured_media":0,"template":"","meta":{"_tribe_events_status":"","_tribe_events_status_reason":"","footnotes":""},"tags":[],"tribe_events_cat":[1708],"class_list":["post-4068","tribe_events","type-tribe_events","status-publish","hentry","tribe_events_cat-journee-detudes","cat_journee-detudes"],"yoast_head":"<!-- This site is optimized with the Yoast SEO plugin v27.5 - https:\/\/yoast.com\/product\/yoast-seo-wordpress\/ -->\n<title>&quot;Early Modern Representations of the Sovereigns of France and Bohemia: Genre, Language, and Confessional Politics&quot; - Journ\u00e9e Barrande - Soci\u00e9t\u00e9 d&#039;\u00c9tudes M\u00e9dio Et N\u00e9o-Latines<\/title>\n<meta name=\"robots\" content=\"index, follow, max-snippet:-1, max-image-preview:large, max-video-preview:-1\" \/>\n<link rel=\"canonical\" href=\"https:\/\/www.semen-l.org\/?tribe_events=early-modern-representations-of-the-sovereigns-of-france-and-bohemia-genre-language-and-confessional-politics-journee-barrande\" \/>\n<meta property=\"og:locale\" content=\"fr_FR\" \/>\n<meta property=\"og:type\" content=\"article\" \/>\n<meta property=\"og:title\" content=\"&quot;Early Modern Representations of the Sovereigns of France and Bohemia: Genre, Language, and Confessional Politics&quot; - Journ\u00e9e Barrande - Soci\u00e9t\u00e9 d&#039;\u00c9tudes M\u00e9dio Et N\u00e9o-Latines\" \/>\n<meta property=\"og:description\" content=\"PHC BARRANDE &#8211; 50573SG October 2 17, rue de la Sorbonne, 75005 Paris Salle D054 Egyptologie Early Modern Representations of the Sovereigns of France and Bohemia: Genre, Language, and Confessional Politics \u00a0 Workshop organised by Virginie Leroux &#8211; SAPRAT (EA &hellip; Continuer la lecture &rarr;\" \/>\n<meta property=\"og:url\" content=\"https:\/\/www.semen-l.org\/?tribe_events=early-modern-representations-of-the-sovereigns-of-france-and-bohemia-genre-language-and-confessional-politics-journee-barrande\" \/>\n<meta property=\"og:site_name\" content=\"Soci\u00e9t\u00e9 d&#039;\u00c9tudes M\u00e9dio Et N\u00e9o-Latines\" \/>\n<meta property=\"article:publisher\" content=\"https:\/\/www.facebook.com\/SEMENL2018\" \/>\n<meta name=\"twitter:card\" content=\"summary_large_image\" \/>\n<meta name=\"twitter:label1\" content=\"Dur\u00e9e de lecture estim\u00e9e\" \/>\n\t<meta name=\"twitter:data1\" content=\"2 minutes\" \/>\n<script type=\"application\/ld+json\" class=\"yoast-schema-graph\">{\"@context\":\"https:\\\/\\\/schema.org\",\"@graph\":[{\"@type\":\"WebPage\",\"@id\":\"https:\\\/\\\/www.semen-l.org\\\/?tribe_events=early-modern-representations-of-the-sovereigns-of-france-and-bohemia-genre-language-and-confessional-politics-journee-barrande\",\"url\":\"https:\\\/\\\/www.semen-l.org\\\/?tribe_events=early-modern-representations-of-the-sovereigns-of-france-and-bohemia-genre-language-and-confessional-politics-journee-barrande\",\"name\":\"\\\"Early Modern Representations of the Sovereigns of France and Bohemia: Genre, Language, and Confessional Politics\\\" - Journ\u00e9e Barrande - Soci\u00e9t\u00e9 d&#039;\u00c9tudes M\u00e9dio Et N\u00e9o-Latines\",\"isPartOf\":{\"@id\":\"http:\\\/\\\/www.semen-l.org\\\/#website\"},\"datePublished\":\"2025-10-02T14:03:37+00:00\",\"breadcrumb\":{\"@id\":\"https:\\\/\\\/www.semen-l.org\\\/?tribe_events=early-modern-representations-of-the-sovereigns-of-france-and-bohemia-genre-language-and-confessional-politics-journee-barrande#breadcrumb\"},\"inLanguage\":\"fr-FR\",\"potentialAction\":[{\"@type\":\"ReadAction\",\"target\":[\"https:\\\/\\\/www.semen-l.org\\\/?tribe_events=early-modern-representations-of-the-sovereigns-of-france-and-bohemia-genre-language-and-confessional-politics-journee-barrande\"]}]},{\"@type\":\"BreadcrumbList\",\"@id\":\"https:\\\/\\\/www.semen-l.org\\\/?tribe_events=early-modern-representations-of-the-sovereigns-of-france-and-bohemia-genre-language-and-confessional-politics-journee-barrande#breadcrumb\",\"itemListElement\":[{\"@type\":\"ListItem\",\"position\":1,\"name\":\"Accueil\",\"item\":\"http:\\\/\\\/www.semen-l.org\\\/\"},{\"@type\":\"ListItem\",\"position\":2,\"name\":\"\u00c9v\u00e8nements\",\"item\":\"http:\\\/\\\/www.semen-l.org\\\/?post_type=tribe_events\"},{\"@type\":\"ListItem\",\"position\":3,\"name\":\"\u00ab\u00a0Early Modern Representations of the Sovereigns of France and Bohemia: Genre, Language, and Confessional Politics\u00a0\u00bb &#8211; Journ\u00e9e Barrande\"}]},{\"@type\":\"WebSite\",\"@id\":\"http:\\\/\\\/www.semen-l.org\\\/#website\",\"url\":\"http:\\\/\\\/www.semen-l.org\\\/\",\"name\":\"Soci\u00e9t\u00e9 d'\u00c9tudes M\u00e9dio Et N\u00e9o-Latines\",\"description\":\"\",\"publisher\":{\"@id\":\"http:\\\/\\\/www.semen-l.org\\\/#organization\"},\"potentialAction\":[{\"@type\":\"SearchAction\",\"target\":{\"@type\":\"EntryPoint\",\"urlTemplate\":\"http:\\\/\\\/www.semen-l.org\\\/?s={search_term_string}\"},\"query-input\":{\"@type\":\"PropertyValueSpecification\",\"valueRequired\":true,\"valueName\":\"search_term_string\"}}],\"inLanguage\":\"fr-FR\"},{\"@type\":\"Organization\",\"@id\":\"http:\\\/\\\/www.semen-l.org\\\/#organization\",\"name\":\"Soci\u00e9t\u00e9 d'\u00e9tudes m\u00e9dio et n\u00e9o-latines\",\"url\":\"http:\\\/\\\/www.semen-l.org\\\/\",\"logo\":{\"@type\":\"ImageObject\",\"inLanguage\":\"fr-FR\",\"@id\":\"http:\\\/\\\/www.semen-l.org\\\/#\\\/schema\\\/logo\\\/image\\\/\",\"url\":\"http:\\\/\\\/www.semen-l.org\\\/wp-content\\\/uploads\\\/2020\\\/11\\\/logo-semenl.jpg\",\"contentUrl\":\"http:\\\/\\\/www.semen-l.org\\\/wp-content\\\/uploads\\\/2020\\\/11\\\/logo-semenl.jpg\",\"width\":408,\"height\":403,\"caption\":\"Soci\u00e9t\u00e9 d'\u00e9tudes m\u00e9dio et n\u00e9o-latines\"},\"image\":{\"@id\":\"http:\\\/\\\/www.semen-l.org\\\/#\\\/schema\\\/logo\\\/image\\\/\"},\"sameAs\":[\"https:\\\/\\\/www.facebook.com\\\/SEMENL2018\",\"https:\\\/\\\/independent.academia.edu\\\/SocitsdtudesmdioetnolatinesSEMENL\"]}]}<\/script>\n<!-- \/ Yoast SEO plugin. -->","yoast_head_json":{"title":"\"Early Modern Representations of the Sovereigns of France and Bohemia: Genre, Language, and Confessional Politics\" - Journ\u00e9e Barrande - Soci\u00e9t\u00e9 d&#039;\u00c9tudes M\u00e9dio Et N\u00e9o-Latines","robots":{"index":"index","follow":"follow","max-snippet":"max-snippet:-1","max-image-preview":"max-image-preview:large","max-video-preview":"max-video-preview:-1"},"canonical":"https:\/\/www.semen-l.org\/?tribe_events=early-modern-representations-of-the-sovereigns-of-france-and-bohemia-genre-language-and-confessional-politics-journee-barrande","og_locale":"fr_FR","og_type":"article","og_title":"\"Early Modern Representations of the Sovereigns of France and Bohemia: Genre, Language, and Confessional Politics\" - Journ\u00e9e Barrande - Soci\u00e9t\u00e9 d&#039;\u00c9tudes M\u00e9dio Et N\u00e9o-Latines","og_description":"PHC BARRANDE &#8211; 50573SG October 2 17, rue de la Sorbonne, 75005 Paris Salle D054 Egyptologie Early Modern Representations of the Sovereigns of France and Bohemia: Genre, Language, and Confessional Politics \u00a0 Workshop organised by Virginie Leroux &#8211; SAPRAT (EA &hellip; Continuer la lecture &rarr;","og_url":"https:\/\/www.semen-l.org\/?tribe_events=early-modern-representations-of-the-sovereigns-of-france-and-bohemia-genre-language-and-confessional-politics-journee-barrande","og_site_name":"Soci\u00e9t\u00e9 d&#039;\u00c9tudes M\u00e9dio Et N\u00e9o-Latines","article_publisher":"https:\/\/www.facebook.com\/SEMENL2018","twitter_card":"summary_large_image","twitter_misc":{"Dur\u00e9e de lecture estim\u00e9e":"2 minutes"},"schema":{"@context":"https:\/\/schema.org","@graph":[{"@type":"WebPage","@id":"https:\/\/www.semen-l.org\/?tribe_events=early-modern-representations-of-the-sovereigns-of-france-and-bohemia-genre-language-and-confessional-politics-journee-barrande","url":"https:\/\/www.semen-l.org\/?tribe_events=early-modern-representations-of-the-sovereigns-of-france-and-bohemia-genre-language-and-confessional-politics-journee-barrande","name":"\"Early Modern Representations of the Sovereigns of France and Bohemia: Genre, Language, and Confessional Politics\" - Journ\u00e9e Barrande - Soci\u00e9t\u00e9 d&#039;\u00c9tudes M\u00e9dio Et N\u00e9o-Latines","isPartOf":{"@id":"http:\/\/www.semen-l.org\/#website"},"datePublished":"2025-10-02T14:03:37+00:00","breadcrumb":{"@id":"https:\/\/www.semen-l.org\/?tribe_events=early-modern-representations-of-the-sovereigns-of-france-and-bohemia-genre-language-and-confessional-politics-journee-barrande#breadcrumb"},"inLanguage":"fr-FR","potentialAction":[{"@type":"ReadAction","target":["https:\/\/www.semen-l.org\/?tribe_events=early-modern-representations-of-the-sovereigns-of-france-and-bohemia-genre-language-and-confessional-politics-journee-barrande"]}]},{"@type":"BreadcrumbList","@id":"https:\/\/www.semen-l.org\/?tribe_events=early-modern-representations-of-the-sovereigns-of-france-and-bohemia-genre-language-and-confessional-politics-journee-barrande#breadcrumb","itemListElement":[{"@type":"ListItem","position":1,"name":"Accueil","item":"http:\/\/www.semen-l.org\/"},{"@type":"ListItem","position":2,"name":"\u00c9v\u00e8nements","item":"http:\/\/www.semen-l.org\/?post_type=tribe_events"},{"@type":"ListItem","position":3,"name":"\u00ab\u00a0Early Modern Representations of the Sovereigns of France and Bohemia: Genre, Language, and Confessional Politics\u00a0\u00bb &#8211; Journ\u00e9e Barrande"}]},{"@type":"WebSite","@id":"http:\/\/www.semen-l.org\/#website","url":"http:\/\/www.semen-l.org\/","name":"Soci\u00e9t\u00e9 d'\u00c9tudes M\u00e9dio Et N\u00e9o-Latines","description":"","publisher":{"@id":"http:\/\/www.semen-l.org\/#organization"},"potentialAction":[{"@type":"SearchAction","target":{"@type":"EntryPoint","urlTemplate":"http:\/\/www.semen-l.org\/?s={search_term_string}"},"query-input":{"@type":"PropertyValueSpecification","valueRequired":true,"valueName":"search_term_string"}}],"inLanguage":"fr-FR"},{"@type":"Organization","@id":"http:\/\/www.semen-l.org\/#organization","name":"Soci\u00e9t\u00e9 d'\u00e9tudes m\u00e9dio et n\u00e9o-latines","url":"http:\/\/www.semen-l.org\/","logo":{"@type":"ImageObject","inLanguage":"fr-FR","@id":"http:\/\/www.semen-l.org\/#\/schema\/logo\/image\/","url":"http:\/\/www.semen-l.org\/wp-content\/uploads\/2020\/11\/logo-semenl.jpg","contentUrl":"http:\/\/www.semen-l.org\/wp-content\/uploads\/2020\/11\/logo-semenl.jpg","width":408,"height":403,"caption":"Soci\u00e9t\u00e9 d'\u00e9tudes m\u00e9dio et n\u00e9o-latines"},"image":{"@id":"http:\/\/www.semen-l.org\/#\/schema\/logo\/image\/"},"sameAs":["https:\/\/www.facebook.com\/SEMENL2018","https:\/\/independent.academia.edu\/SocitsdtudesmdioetnolatinesSEMENL"]}]}},"_links":{"self":[{"href":"http:\/\/www.semen-l.org\/index.php?rest_route=\/wp\/v2\/tribe_events\/4068","targetHints":{"allow":["GET"]}}],"collection":[{"href":"http:\/\/www.semen-l.org\/index.php?rest_route=\/wp\/v2\/tribe_events"}],"about":[{"href":"http:\/\/www.semen-l.org\/index.php?rest_route=\/wp\/v2\/types\/tribe_events"}],"author":[{"embeddable":true,"href":"http:\/\/www.semen-l.org\/index.php?rest_route=\/wp\/v2\/users\/26"}],"version-history":[{"count":0,"href":"http:\/\/www.semen-l.org\/index.php?rest_route=\/wp\/v2\/tribe_events\/4068\/revisions"}],"wp:attachment":[{"href":"http:\/\/www.semen-l.org\/index.php?rest_route=%2Fwp%2Fv2%2Fmedia&parent=4068"}],"wp:term":[{"taxonomy":"post_tag","embeddable":true,"href":"http:\/\/www.semen-l.org\/index.php?rest_route=%2Fwp%2Fv2%2Ftags&post=4068"},{"taxonomy":"tribe_events_cat","embeddable":true,"href":"http:\/\/www.semen-l.org\/index.php?rest_route=%2Fwp%2Fv2%2Ftribe_events_cat&post=4068"}],"curies":[{"name":"wp","href":"https:\/\/api.w.org\/{rel}","templated":true}]}}