{"id":2607,"date":"2023-01-29T11:35:33","date_gmt":"2023-01-29T11:35:33","guid":{"rendered":"https:\/\/www.semen-l.org\/?post_type=tribe_events&#038;p=2607"},"modified":"2023-01-29T11:35:33","modified_gmt":"2023-01-29T11:35:33","slug":"colloque-citer-les-anciens-a-la-renaissance-a-lyon-iii","status":"publish","type":"tribe_events","link":"http:\/\/www.semen-l.org\/?tribe_events=colloque-citer-les-anciens-a-la-renaissance-a-lyon-iii","title":{"rendered":"Colloque Citer les Anciens \u00e0 la Renaissance \u00e0 Lyon III"},"content":{"rendered":"<p>24-25 avril 2023, Lyon, Universit\u00e9 Jean Moulin-Lyon III : \u00ab Citer les Anciens \u00e0 la Renaissance. La citation et \u00a0la\u00a0\u00a0\u00a0\u00a0 \u00a0fabrique\u00a0\u00a0\u00a0\u00a0 \u00a0de\u00a0\u00a0\u00a0\u00a0 \u00a0l\u2019Antiquit\u00e9\u00a0\u00a0\u00a0\u00a0\u00a0\u00a0 dans\u00a0\u00a0\u00a0\u00a0\u00a0\u00a0 les\u00a0\u00a0\u00a0\u00a0\u00a0\u00a0 \u00e9ditions\u00a0\u00a0\u00a0\u00a0\u00a0\u00a0 des\u00a0\u00a0\u00a0\u00a0\u00a0\u00a0 textes\u00a0\u00a0\u00a0\u00a0\u00a0\u00a0 Analyse et exploration num\u00e9rique \u00bb, colloque organis\u00e9 dans le cadre de l\u2019ANR \u00ab IThAC \u00bb (L\u2019invention du th\u00e9\u00e2tre antique) par HiSoMA UMR 5189 Axe B Cultures anciennes et temporalit\u00e9s. Contact : <a href=\"mailto:sarah.gaucher@univ-lyon3.fr\">sarah.gaucher@univ-lyon3.fr<\/a><\/p>\n<blockquote class=\"wp-embedded-content\" data-secret=\"awrQbuAByT\"><p><a href=\"https:\/\/ithac.hypotheses.org\/1220\">AAC : \u201cCiter les Anciens \u00e0 la Renaissance. La citation et la fabrique de l\u2019Antiquit\u00e9 dans les \u00e9ditions des textes classiques : analyse et exploration num\u00e9rique.\u201d<\/a><\/p><\/blockquote>\n<p><iframe class=\"wp-embedded-content\" sandbox=\"allow-scripts\" security=\"restricted\" style=\"position: absolute; clip: rect(1px, 1px, 1px, 1px);\" title=\"\u00ab\u00a0AAC : \u201cCiter les Anciens \u00e0 la Renaissance. La citation et la fabrique de l\u2019Antiquit\u00e9 dans les \u00e9ditions des textes classiques : analyse et exploration num\u00e9rique.\u201d\u00a0\u00bb &#8212; ITHAC\" src=\"https:\/\/ithac.hypotheses.org\/1220\/embed#?secret=49NxVizham#?secret=awrQbuAByT\" data-secret=\"awrQbuAByT\" width=\"584\" height=\"329\" frameborder=\"0\" marginwidth=\"0\" marginheight=\"0\" scrolling=\"no\"><\/iframe><\/p>\n","protected":false},"excerpt":{"rendered":"<p>24-25 avril 2023, Lyon, Universit\u00e9 Jean Moulin-Lyon III : \u00ab Citer les Anciens \u00e0 la Renaissance. La citation et \u00a0la\u00a0\u00a0\u00a0\u00a0 \u00a0fabrique\u00a0\u00a0\u00a0\u00a0 \u00a0de\u00a0\u00a0\u00a0\u00a0 \u00a0l\u2019Antiquit\u00e9\u00a0\u00a0\u00a0\u00a0\u00a0\u00a0 dans\u00a0\u00a0\u00a0\u00a0\u00a0\u00a0 les\u00a0\u00a0\u00a0\u00a0\u00a0\u00a0 \u00e9ditions\u00a0\u00a0\u00a0\u00a0\u00a0\u00a0 des\u00a0\u00a0\u00a0\u00a0\u00a0\u00a0 textes\u00a0\u00a0\u00a0\u00a0\u00a0\u00a0 Analyse et exploration num\u00e9rique \u00bb, colloque organis\u00e9 dans le cadre de l\u2019ANR &hellip; <a href=\"http:\/\/www.semen-l.org\/?tribe_events=colloque-citer-les-anciens-a-la-renaissance-a-lyon-iii\">Continuer la lecture <span class=\"meta-nav\">&rarr;<\/span><\/a><\/p>\n","protected":false},"author":26,"featured_media":0,"template":"","meta":{"_tribe_events_status":"","_tribe_events_status_reason":"","footnotes":""},"tags":[],"tribe_events_cat":[1673],"class_list":["post-2607","tribe_events","type-tribe_events","status-publish","hentry","tribe_events_cat-colloque","cat_colloque"],"yoast_head":"<!-- This site is optimized with the Yoast SEO plugin v27.5 - https:\/\/yoast.com\/product\/yoast-seo-wordpress\/ -->\n<title>Colloque Citer les Anciens \u00e0 la Renaissance \u00e0 Lyon III - Soci\u00e9t\u00e9 d&#039;\u00c9tudes M\u00e9dio Et N\u00e9o-Latines<\/title>\n<meta name=\"robots\" content=\"index, follow, max-snippet:-1, max-image-preview:large, max-video-preview:-1\" \/>\n<link rel=\"canonical\" href=\"https:\/\/www.semen-l.org\/?tribe_events=colloque-citer-les-anciens-a-la-renaissance-a-lyon-iii\" \/>\n<meta property=\"og:locale\" content=\"fr_FR\" \/>\n<meta property=\"og:type\" content=\"article\" \/>\n<meta property=\"og:title\" content=\"Colloque Citer les Anciens \u00e0 la Renaissance \u00e0 Lyon III - Soci\u00e9t\u00e9 d&#039;\u00c9tudes M\u00e9dio Et N\u00e9o-Latines\" \/>\n<meta property=\"og:description\" content=\"24-25 avril 2023, Lyon, Universit\u00e9 Jean Moulin-Lyon III : \u00ab Citer les Anciens \u00e0 la Renaissance. La citation et \u00a0la\u00a0\u00a0\u00a0\u00a0 \u00a0fabrique\u00a0\u00a0\u00a0\u00a0 \u00a0de\u00a0\u00a0\u00a0\u00a0 \u00a0l\u2019Antiquit\u00e9\u00a0\u00a0\u00a0\u00a0\u00a0\u00a0 dans\u00a0\u00a0\u00a0\u00a0\u00a0\u00a0 les\u00a0\u00a0\u00a0\u00a0\u00a0\u00a0 \u00e9ditions\u00a0\u00a0\u00a0\u00a0\u00a0\u00a0 des\u00a0\u00a0\u00a0\u00a0\u00a0\u00a0 textes\u00a0\u00a0\u00a0\u00a0\u00a0\u00a0 Analyse et exploration num\u00e9rique \u00bb, colloque organis\u00e9 dans le cadre de l\u2019ANR &hellip; Continuer la lecture &rarr;\" \/>\n<meta property=\"og:url\" content=\"https:\/\/www.semen-l.org\/?tribe_events=colloque-citer-les-anciens-a-la-renaissance-a-lyon-iii\" \/>\n<meta property=\"og:site_name\" content=\"Soci\u00e9t\u00e9 d&#039;\u00c9tudes M\u00e9dio Et N\u00e9o-Latines\" \/>\n<meta property=\"article:publisher\" content=\"https:\/\/www.facebook.com\/SEMENL2018\" \/>\n<meta name=\"twitter:card\" content=\"summary_large_image\" \/>\n<meta name=\"twitter:label1\" content=\"Dur\u00e9e de lecture estim\u00e9e\" \/>\n\t<meta name=\"twitter:data1\" content=\"1 minute\" \/>\n<script type=\"application\/ld+json\" class=\"yoast-schema-graph\">{\"@context\":\"https:\\\/\\\/schema.org\",\"@graph\":[{\"@type\":\"WebPage\",\"@id\":\"https:\\\/\\\/www.semen-l.org\\\/?tribe_events=colloque-citer-les-anciens-a-la-renaissance-a-lyon-iii\",\"url\":\"https:\\\/\\\/www.semen-l.org\\\/?tribe_events=colloque-citer-les-anciens-a-la-renaissance-a-lyon-iii\",\"name\":\"Colloque Citer les Anciens \u00e0 la Renaissance \u00e0 Lyon III - Soci\u00e9t\u00e9 d&#039;\u00c9tudes M\u00e9dio Et N\u00e9o-Latines\",\"isPartOf\":{\"@id\":\"http:\\\/\\\/www.semen-l.org\\\/#website\"},\"datePublished\":\"2023-01-29T11:35:33+00:00\",\"breadcrumb\":{\"@id\":\"https:\\\/\\\/www.semen-l.org\\\/?tribe_events=colloque-citer-les-anciens-a-la-renaissance-a-lyon-iii#breadcrumb\"},\"inLanguage\":\"fr-FR\",\"potentialAction\":[{\"@type\":\"ReadAction\",\"target\":[\"https:\\\/\\\/www.semen-l.org\\\/?tribe_events=colloque-citer-les-anciens-a-la-renaissance-a-lyon-iii\"]}]},{\"@type\":\"BreadcrumbList\",\"@id\":\"https:\\\/\\\/www.semen-l.org\\\/?tribe_events=colloque-citer-les-anciens-a-la-renaissance-a-lyon-iii#breadcrumb\",\"itemListElement\":[{\"@type\":\"ListItem\",\"position\":1,\"name\":\"Accueil\",\"item\":\"http:\\\/\\\/www.semen-l.org\\\/\"},{\"@type\":\"ListItem\",\"position\":2,\"name\":\"\u00c9v\u00e8nements\",\"item\":\"http:\\\/\\\/www.semen-l.org\\\/?post_type=tribe_events\"},{\"@type\":\"ListItem\",\"position\":3,\"name\":\"Colloque Citer les Anciens \u00e0 la Renaissance \u00e0 Lyon III\"}]},{\"@type\":\"WebSite\",\"@id\":\"http:\\\/\\\/www.semen-l.org\\\/#website\",\"url\":\"http:\\\/\\\/www.semen-l.org\\\/\",\"name\":\"Soci\u00e9t\u00e9 d'\u00c9tudes M\u00e9dio Et N\u00e9o-Latines\",\"description\":\"\",\"publisher\":{\"@id\":\"http:\\\/\\\/www.semen-l.org\\\/#organization\"},\"potentialAction\":[{\"@type\":\"SearchAction\",\"target\":{\"@type\":\"EntryPoint\",\"urlTemplate\":\"http:\\\/\\\/www.semen-l.org\\\/?s={search_term_string}\"},\"query-input\":{\"@type\":\"PropertyValueSpecification\",\"valueRequired\":true,\"valueName\":\"search_term_string\"}}],\"inLanguage\":\"fr-FR\"},{\"@type\":\"Organization\",\"@id\":\"http:\\\/\\\/www.semen-l.org\\\/#organization\",\"name\":\"Soci\u00e9t\u00e9 d'\u00e9tudes m\u00e9dio et n\u00e9o-latines\",\"url\":\"http:\\\/\\\/www.semen-l.org\\\/\",\"logo\":{\"@type\":\"ImageObject\",\"inLanguage\":\"fr-FR\",\"@id\":\"http:\\\/\\\/www.semen-l.org\\\/#\\\/schema\\\/logo\\\/image\\\/\",\"url\":\"http:\\\/\\\/www.semen-l.org\\\/wp-content\\\/uploads\\\/2020\\\/11\\\/logo-semenl.jpg\",\"contentUrl\":\"http:\\\/\\\/www.semen-l.org\\\/wp-content\\\/uploads\\\/2020\\\/11\\\/logo-semenl.jpg\",\"width\":408,\"height\":403,\"caption\":\"Soci\u00e9t\u00e9 d'\u00e9tudes m\u00e9dio et n\u00e9o-latines\"},\"image\":{\"@id\":\"http:\\\/\\\/www.semen-l.org\\\/#\\\/schema\\\/logo\\\/image\\\/\"},\"sameAs\":[\"https:\\\/\\\/www.facebook.com\\\/SEMENL2018\",\"https:\\\/\\\/independent.academia.edu\\\/SocitsdtudesmdioetnolatinesSEMENL\"]}]}<\/script>\n<!-- \/ Yoast SEO plugin. -->","yoast_head_json":{"title":"Colloque Citer les Anciens \u00e0 la Renaissance \u00e0 Lyon III - Soci\u00e9t\u00e9 d&#039;\u00c9tudes M\u00e9dio Et N\u00e9o-Latines","robots":{"index":"index","follow":"follow","max-snippet":"max-snippet:-1","max-image-preview":"max-image-preview:large","max-video-preview":"max-video-preview:-1"},"canonical":"https:\/\/www.semen-l.org\/?tribe_events=colloque-citer-les-anciens-a-la-renaissance-a-lyon-iii","og_locale":"fr_FR","og_type":"article","og_title":"Colloque Citer les Anciens \u00e0 la Renaissance \u00e0 Lyon III - Soci\u00e9t\u00e9 d&#039;\u00c9tudes M\u00e9dio Et N\u00e9o-Latines","og_description":"24-25 avril 2023, Lyon, Universit\u00e9 Jean Moulin-Lyon III : \u00ab Citer les Anciens \u00e0 la Renaissance. La citation et \u00a0la\u00a0\u00a0\u00a0\u00a0 \u00a0fabrique\u00a0\u00a0\u00a0\u00a0 \u00a0de\u00a0\u00a0\u00a0\u00a0 \u00a0l\u2019Antiquit\u00e9\u00a0\u00a0\u00a0\u00a0\u00a0\u00a0 dans\u00a0\u00a0\u00a0\u00a0\u00a0\u00a0 les\u00a0\u00a0\u00a0\u00a0\u00a0\u00a0 \u00e9ditions\u00a0\u00a0\u00a0\u00a0\u00a0\u00a0 des\u00a0\u00a0\u00a0\u00a0\u00a0\u00a0 textes\u00a0\u00a0\u00a0\u00a0\u00a0\u00a0 Analyse et exploration num\u00e9rique \u00bb, colloque organis\u00e9 dans le cadre de l\u2019ANR &hellip; Continuer la lecture &rarr;","og_url":"https:\/\/www.semen-l.org\/?tribe_events=colloque-citer-les-anciens-a-la-renaissance-a-lyon-iii","og_site_name":"Soci\u00e9t\u00e9 d&#039;\u00c9tudes M\u00e9dio Et N\u00e9o-Latines","article_publisher":"https:\/\/www.facebook.com\/SEMENL2018","twitter_card":"summary_large_image","twitter_misc":{"Dur\u00e9e de lecture estim\u00e9e":"1 minute"},"schema":{"@context":"https:\/\/schema.org","@graph":[{"@type":"WebPage","@id":"https:\/\/www.semen-l.org\/?tribe_events=colloque-citer-les-anciens-a-la-renaissance-a-lyon-iii","url":"https:\/\/www.semen-l.org\/?tribe_events=colloque-citer-les-anciens-a-la-renaissance-a-lyon-iii","name":"Colloque Citer les Anciens \u00e0 la Renaissance \u00e0 Lyon III - Soci\u00e9t\u00e9 d&#039;\u00c9tudes M\u00e9dio Et N\u00e9o-Latines","isPartOf":{"@id":"http:\/\/www.semen-l.org\/#website"},"datePublished":"2023-01-29T11:35:33+00:00","breadcrumb":{"@id":"https:\/\/www.semen-l.org\/?tribe_events=colloque-citer-les-anciens-a-la-renaissance-a-lyon-iii#breadcrumb"},"inLanguage":"fr-FR","potentialAction":[{"@type":"ReadAction","target":["https:\/\/www.semen-l.org\/?tribe_events=colloque-citer-les-anciens-a-la-renaissance-a-lyon-iii"]}]},{"@type":"BreadcrumbList","@id":"https:\/\/www.semen-l.org\/?tribe_events=colloque-citer-les-anciens-a-la-renaissance-a-lyon-iii#breadcrumb","itemListElement":[{"@type":"ListItem","position":1,"name":"Accueil","item":"http:\/\/www.semen-l.org\/"},{"@type":"ListItem","position":2,"name":"\u00c9v\u00e8nements","item":"http:\/\/www.semen-l.org\/?post_type=tribe_events"},{"@type":"ListItem","position":3,"name":"Colloque Citer les Anciens \u00e0 la Renaissance \u00e0 Lyon III"}]},{"@type":"WebSite","@id":"http:\/\/www.semen-l.org\/#website","url":"http:\/\/www.semen-l.org\/","name":"Soci\u00e9t\u00e9 d'\u00c9tudes M\u00e9dio Et N\u00e9o-Latines","description":"","publisher":{"@id":"http:\/\/www.semen-l.org\/#organization"},"potentialAction":[{"@type":"SearchAction","target":{"@type":"EntryPoint","urlTemplate":"http:\/\/www.semen-l.org\/?s={search_term_string}"},"query-input":{"@type":"PropertyValueSpecification","valueRequired":true,"valueName":"search_term_string"}}],"inLanguage":"fr-FR"},{"@type":"Organization","@id":"http:\/\/www.semen-l.org\/#organization","name":"Soci\u00e9t\u00e9 d'\u00e9tudes m\u00e9dio et n\u00e9o-latines","url":"http:\/\/www.semen-l.org\/","logo":{"@type":"ImageObject","inLanguage":"fr-FR","@id":"http:\/\/www.semen-l.org\/#\/schema\/logo\/image\/","url":"http:\/\/www.semen-l.org\/wp-content\/uploads\/2020\/11\/logo-semenl.jpg","contentUrl":"http:\/\/www.semen-l.org\/wp-content\/uploads\/2020\/11\/logo-semenl.jpg","width":408,"height":403,"caption":"Soci\u00e9t\u00e9 d'\u00e9tudes m\u00e9dio et n\u00e9o-latines"},"image":{"@id":"http:\/\/www.semen-l.org\/#\/schema\/logo\/image\/"},"sameAs":["https:\/\/www.facebook.com\/SEMENL2018","https:\/\/independent.academia.edu\/SocitsdtudesmdioetnolatinesSEMENL"]}]}},"_links":{"self":[{"href":"http:\/\/www.semen-l.org\/index.php?rest_route=\/wp\/v2\/tribe_events\/2607","targetHints":{"allow":["GET"]}}],"collection":[{"href":"http:\/\/www.semen-l.org\/index.php?rest_route=\/wp\/v2\/tribe_events"}],"about":[{"href":"http:\/\/www.semen-l.org\/index.php?rest_route=\/wp\/v2\/types\/tribe_events"}],"author":[{"embeddable":true,"href":"http:\/\/www.semen-l.org\/index.php?rest_route=\/wp\/v2\/users\/26"}],"version-history":[{"count":0,"href":"http:\/\/www.semen-l.org\/index.php?rest_route=\/wp\/v2\/tribe_events\/2607\/revisions"}],"wp:attachment":[{"href":"http:\/\/www.semen-l.org\/index.php?rest_route=%2Fwp%2Fv2%2Fmedia&parent=2607"}],"wp:term":[{"taxonomy":"post_tag","embeddable":true,"href":"http:\/\/www.semen-l.org\/index.php?rest_route=%2Fwp%2Fv2%2Ftags&post=2607"},{"taxonomy":"tribe_events_cat","embeddable":true,"href":"http:\/\/www.semen-l.org\/index.php?rest_route=%2Fwp%2Fv2%2Ftribe_events_cat&post=2607"}],"curies":[{"name":"wp","href":"https:\/\/api.w.org\/{rel}","templated":true}]}}